{"id":2052,"date":"2023-07-21T10:07:25","date_gmt":"2023-07-21T08:07:25","guid":{"rendered":"https:\/\/legitedicietdailleurs.com\/aqui-y-en-otros-lugares\/"},"modified":"2023-08-24T10:36:00","modified_gmt":"2023-08-24T08:36:00","slug":"aqui-y-en-otros-lugares","status":"publish","type":"page","link":"https:\/\/legitedicietdailleurs.com\/es\/aqui-y-en-otros-lugares\/","title":{"rendered":"Aqu\u00ed y en otros lugares"},"content":{"rendered":"\t\t<div data-elementor-type=\"wp-page\" data-elementor-id=\"2052\" class=\"elementor elementor-2052 elementor-1403\">\n\t\t\t\t\t\t<div class=\"elementor-inner\">\n\t\t\t\t<div class=\"elementor-section-wrap\">\n\t\t\t\t\t\t\t\t\t<section class=\"elementor-section elementor-top-section elementor-element elementor-element-f682a4b elementor-section-boxed elementor-section-height-default elementor-section-height-default\" data-id=\"f682a4b\" data-element_type=\"section\">\n\t\t\t\t\t\t<div class=\"elementor-container elementor-column-gap-default\">\n\t\t\t\t\t\t\t<div class=\"elementor-row\">\n\t\t\t\t\t<div class=\"elementor-column elementor-col-100 elementor-top-column elementor-element elementor-element-b14c43f\" data-id=\"b14c43f\" data-element_type=\"column\">\n\t\t\t<div class=\"elementor-column-wrap elementor-element-populated\">\n\t\t\t\t\t\t\t<div class=\"elementor-widget-wrap\">\n\t\t\t\t\t\t<div class=\"elementor-element elementor-element-6ff7164 elementor-widget__width-initial elementor-widget elementor-widget-heading\" data-id=\"6ff7164\" data-element_type=\"widget\" data-widget_type=\"heading.default\">\n\t\t\t\t<div class=\"elementor-widget-container\">\n\t\t\t<style>\/*! elementor - v3.15.0 - 09-08-2023 *\/\n.elementor-heading-title{padding:0;margin:0;line-height:1}.elementor-widget-heading .elementor-heading-title[class*=elementor-size-]>a{color:inherit;font-size:inherit;line-height:inherit}.elementor-widget-heading .elementor-heading-title.elementor-size-small{font-size:15px}.elementor-widget-heading .elementor-heading-title.elementor-size-medium{font-size:19px}.elementor-widget-heading .elementor-heading-title.elementor-size-large{font-size:29px}.elementor-widget-heading .elementor-heading-title.elementor-size-xl{font-size:39px}.elementor-widget-heading .elementor-heading-title.elementor-size-xxl{font-size:59px}<\/style><h2 class=\"elementor-heading-title elementor-size-default\">Aqu\u00ed y en otros lugares<\/h2>\t\t<\/div>\n\t\t\t\t<\/div>\n\t\t\t\t<div class=\"elementor-element elementor-element-1493822 elementor-widget__width-initial elementor-widget elementor-widget-text-editor\" data-id=\"1493822\" data-element_type=\"widget\" data-widget_type=\"text-editor.default\">\n\t\t\t\t<div class=\"elementor-widget-container\">\n\t\t\t<style>\/*! elementor - v3.15.0 - 09-08-2023 *\/\n.elementor-widget-text-editor.elementor-drop-cap-view-stacked .elementor-drop-cap{background-color:#69727d;color:#fff}.elementor-widget-text-editor.elementor-drop-cap-view-framed .elementor-drop-cap{color:#69727d;border:3px solid;background-color:transparent}.elementor-widget-text-editor:not(.elementor-drop-cap-view-default) .elementor-drop-cap{margin-top:8px}.elementor-widget-text-editor:not(.elementor-drop-cap-view-default) .elementor-drop-cap-letter{width:1em;height:1em}.elementor-widget-text-editor .elementor-drop-cap{float:left;text-align:center;line-height:1;font-size:50px}.elementor-widget-text-editor .elementor-drop-cap-letter{display:inline-block}<\/style>\t\t\t\t\t<div class=\"elementor-text-editor elementor-clearfix\">\n\t\t\t\t<p>Bienvenido! Ari\u00e8ge puede satisfacer todas sus expectativas<\/p>\n\t\t\t\t\t<\/div>\n\t\t\t\t\t\t<\/div>\n\t\t\t\t<\/div>\n\t\t\t\t\t\t<\/div>\n\t\t\t\t\t<\/div>\n\t\t<\/div>\n\t\t\t\t\t\t\t\t<\/div>\n\t\t\t\t\t<\/div>\n\t\t<\/section>\n\t\t\t\t<section class=\"elementor-section elementor-top-section elementor-element elementor-element-97c60b9 elementor-section-boxed elementor-section-height-default elementor-section-height-default\" data-id=\"97c60b9\" data-element_type=\"section\">\n\t\t\t\t\t\t<div class=\"elementor-container elementor-column-gap-default\">\n\t\t\t\t\t\t\t<div class=\"elementor-row\">\n\t\t\t\t\t<div class=\"elementor-column elementor-col-100 elementor-top-column elementor-element elementor-element-cb89b51\" data-id=\"cb89b51\" data-element_type=\"column\">\n\t\t\t<div class=\"elementor-column-wrap elementor-element-populated\">\n\t\t\t\t\t\t\t<div class=\"elementor-widget-wrap\">\n\t\t\t\t\t\t<div class=\"elementor-element elementor-element-7212ffd elementor-widget__width-initial elementor-widget elementor-widget-text-editor\" data-id=\"7212ffd\" data-element_type=\"widget\" data-widget_type=\"text-editor.default\">\n\t\t\t\t<div class=\"elementor-widget-container\">\n\t\t\t\t\t\t\t\t<div class=\"elementor-text-editor elementor-clearfix\">\n\t\t\t\t<p>La casa rural est\u00e1 idealmente situada a s\u00f3lo 7 km de Foix, y cerca de las principales atracciones tur\u00edsticas del departamento.<\/p>\n<p>Tanto si busca relax como aventura, Ari\u00e8ge tiene algo para todos los gustos.<\/p>\n<p>Queremos presentarle actividades, visitas, restaurantes, productores y artesanos de cerca y de lejos. Porque detr\u00e1s de cada lugar, objeto o plato hay personas maravillosas. Y lo que realmente nos mueve son las relaciones humanas.<\/p>\n\t\t\t\t\t<\/div>\n\t\t\t\t\t\t<\/div>\n\t\t\t\t<\/div>\n\t\t\t\t\t\t<\/div>\n\t\t\t\t\t<\/div>\n\t\t<\/div>\n\t\t\t\t\t\t\t\t<\/div>\n\t\t\t\t\t<\/div>\n\t\t<\/section>\n\t\t\t\t<section class=\"elementor-section elementor-top-section elementor-element elementor-element-35ae1d9 elementor-section-full_width elementor-section-height-min-height elementor-section-height-default elementor-section-items-middle\" data-id=\"35ae1d9\" data-element_type=\"section\" data-settings=\"{&quot;background_background&quot;:&quot;classic&quot;}\">\n\t\t\t\t\t\t\t<div class=\"elementor-background-overlay\"><\/div>\n\t\t\t\t\t\t\t<div class=\"elementor-container elementor-column-gap-default\">\n\t\t\t\t\t\t\t<div class=\"elementor-row\">\n\t\t\t\t\t<div class=\"elementor-column elementor-col-100 elementor-top-column elementor-element elementor-element-af8bcc9\" data-id=\"af8bcc9\" data-element_type=\"column\">\n\t\t\t<div class=\"elementor-column-wrap elementor-element-populated\">\n\t\t\t\t\t\t\t<div class=\"elementor-widget-wrap\">\n\t\t\t\t\t\t<div class=\"elementor-element elementor-element-2f97eae elementor-widget__width-initial elementor-widget elementor-widget-heading\" data-id=\"2f97eae\" data-element_type=\"widget\" data-widget_type=\"heading.default\">\n\t\t\t\t<div class=\"elementor-widget-container\">\n\t\t\t<h2 class=\"elementor-heading-title elementor-size-default\">Sus actividades<\/h2>\t\t<\/div>\n\t\t\t\t<\/div>\n\t\t\t\t<div class=\"elementor-element elementor-element-41ecb01 elementor-widget__width-initial elementor-widget elementor-widget-text-editor\" data-id=\"41ecb01\" data-element_type=\"widget\" data-widget_type=\"text-editor.default\">\n\t\t\t\t<div class=\"elementor-widget-container\">\n\t\t\t\t\t\t\t\t<div class=\"elementor-text-editor elementor-clearfix\">\n\t\t\t\t<p>Tanto en invierno como en verano, Ari\u00e8ge ofrece una amplia gama de actividades tanto para los amantes del deporte como para los contemplativos.<\/p>\n\t\t\t\t\t<\/div>\n\t\t\t\t\t\t<\/div>\n\t\t\t\t<\/div>\n\t\t\t\t\t\t<\/div>\n\t\t\t\t\t<\/div>\n\t\t<\/div>\n\t\t\t\t\t\t\t\t<\/div>\n\t\t\t\t\t<\/div>\n\t\t<\/section>\n\t\t\t\t<section class=\"elementor-section elementor-top-section elementor-element elementor-element-0e00f7f elementor-section-boxed elementor-section-height-default elementor-section-height-default\" data-id=\"0e00f7f\" data-element_type=\"section\">\n\t\t\t\t\t\t<div class=\"elementor-container elementor-column-gap-default\">\n\t\t\t\t\t\t\t<div class=\"elementor-row\">\n\t\t\t\t\t<div class=\"elementor-column elementor-col-100 elementor-top-column elementor-element elementor-element-f7d5493\" data-id=\"f7d5493\" data-element_type=\"column\">\n\t\t\t<div class=\"elementor-column-wrap elementor-element-populated\">\n\t\t\t\t\t\t\t<div class=\"elementor-widget-wrap\">\n\t\t\t\t\t\t<section class=\"elementor-section elementor-inner-section elementor-element elementor-element-1cf513c elementor-section-boxed elementor-section-height-default elementor-section-height-default\" data-id=\"1cf513c\" data-element_type=\"section\">\n\t\t\t\t\t\t<div class=\"elementor-container elementor-column-gap-default\">\n\t\t\t\t\t\t\t<div class=\"elementor-row\">\n\t\t\t\t\t<div class=\"elementor-column elementor-col-33 elementor-inner-column elementor-element elementor-element-029a5bd\" data-id=\"029a5bd\" data-element_type=\"column\">\n\t\t\t<div class=\"elementor-column-wrap elementor-element-populated\">\n\t\t\t\t\t\t\t<div class=\"elementor-widget-wrap\">\n\t\t\t\t\t\t<div class=\"elementor-element elementor-element-458622b elementor-widget elementor-widget-thhf-post-image\" data-id=\"458622b\" data-element_type=\"widget\" data-widget_type=\"thhf-post-image.default\">\n\t\t\t\t<div class=\"elementor-widget-container\">\n\t\t\t        <div class=\"hfe-post-image hfe-post-image-wrapper\">\n            <figure class=\"wp-caption\">\n                            <a href=\"https:\/\/www.ecogolf-ariege.fr\/\">\n                \n                    <img loading=\"lazy\" decoding=\"async\" width=\"1024\" height=\"683\" src=\"https:\/\/legitedicietdailleurs.com\/wp-content\/uploads\/2023\/07\/IMG_79399-scaled-1-1024x683.jpg\" class=\"attachment-large size-large wp-image-1414\" alt=\"\" srcset=\"https:\/\/legitedicietdailleurs.com\/wp-content\/uploads\/2023\/07\/IMG_79399-scaled-1-1024x683.jpg 1024w, https:\/\/legitedicietdailleurs.com\/wp-content\/uploads\/2023\/07\/IMG_79399-scaled-1-300x200.jpg 300w, https:\/\/legitedicietdailleurs.com\/wp-content\/uploads\/2023\/07\/IMG_79399-scaled-1-768x512.jpg 768w, https:\/\/legitedicietdailleurs.com\/wp-content\/uploads\/2023\/07\/IMG_79399-scaled-1-1536x1024.jpg 1536w, https:\/\/legitedicietdailleurs.com\/wp-content\/uploads\/2023\/07\/IMG_79399-scaled-1-2048x1366.jpg 2048w, https:\/\/legitedicietdailleurs.com\/wp-content\/uploads\/2023\/07\/IMG_79399-scaled-1-120x80.jpg 120w, https:\/\/legitedicietdailleurs.com\/wp-content\/uploads\/2023\/07\/IMG_79399-scaled-1-394x263.jpg 394w, https:\/\/legitedicietdailleurs.com\/wp-content\/uploads\/2023\/07\/IMG_79399-scaled-1-915x610.jpg 915w, https:\/\/legitedicietdailleurs.com\/wp-content\/uploads\/2023\/07\/IMG_79399-scaled-1-1240x827.jpg 1240w, https:\/\/legitedicietdailleurs.com\/wp-content\/uploads\/2023\/07\/IMG_79399-scaled-1-1620x1080.jpg 1620w, https:\/\/legitedicietdailleurs.com\/wp-content\/uploads\/2023\/07\/IMG_79399-scaled-1-63x42.jpg 63w\" sizes=\"auto, (max-width: 1024px) 100vw, 1024px\" \/>                    <\/a>                    <figcaption class=\"widget-image-caption wp-caption-text\">L\u2019\u00e9cogolf d\u2019Unjat<\/figcaption>            <\/figure>\n        <\/div>\n        \t\t<\/div>\n\t\t\t\t<\/div>\n\t\t\t\t\t\t<\/div>\n\t\t\t\t\t<\/div>\n\t\t<\/div>\n\t\t\t\t<div class=\"elementor-column elementor-col-33 elementor-inner-column elementor-element elementor-element-fed1317\" data-id=\"fed1317\" data-element_type=\"column\">\n\t\t\t<div class=\"elementor-column-wrap elementor-element-populated\">\n\t\t\t\t\t\t\t<div class=\"elementor-widget-wrap\">\n\t\t\t\t\t\t<div class=\"elementor-element elementor-element-87e5327 elementor-widget elementor-widget-thhf-post-image\" data-id=\"87e5327\" data-element_type=\"widget\" data-widget_type=\"thhf-post-image.default\">\n\t\t\t\t<div class=\"elementor-widget-container\">\n\t\t\t        <div class=\"hfe-post-image hfe-post-image-wrapper\">\n            <figure class=\"wp-caption\">\n                            <a href=\"https:\/\/www.ariegepyrenees.com\/preparer\/randonner\/\">\n                \n                    <img loading=\"lazy\" decoding=\"async\" width=\"1024\" height=\"683\" src=\"https:\/\/legitedicietdailleurs.com\/wp-content\/uploads\/2023\/07\/Soulcem_ADT_ariegepyrenees.jpg\" class=\"attachment-large size-large wp-image-1474\" alt=\"\" srcset=\"https:\/\/legitedicietdailleurs.com\/wp-content\/uploads\/2023\/07\/Soulcem_ADT_ariegepyrenees.jpg 1024w, https:\/\/legitedicietdailleurs.com\/wp-content\/uploads\/2023\/07\/Soulcem_ADT_ariegepyrenees-300x200.jpg 300w, https:\/\/legitedicietdailleurs.com\/wp-content\/uploads\/2023\/07\/Soulcem_ADT_ariegepyrenees-768x512.jpg 768w, https:\/\/legitedicietdailleurs.com\/wp-content\/uploads\/2023\/07\/Soulcem_ADT_ariegepyrenees-120x80.jpg 120w, https:\/\/legitedicietdailleurs.com\/wp-content\/uploads\/2023\/07\/Soulcem_ADT_ariegepyrenees-394x263.jpg 394w, https:\/\/legitedicietdailleurs.com\/wp-content\/uploads\/2023\/07\/Soulcem_ADT_ariegepyrenees-915x610.jpg 915w, https:\/\/legitedicietdailleurs.com\/wp-content\/uploads\/2023\/07\/Soulcem_ADT_ariegepyrenees-63x42.jpg 63w\" sizes=\"auto, (max-width: 1024px) 100vw, 1024px\" \/>                    <\/a>                    <figcaption class=\"widget-image-caption wp-caption-text\">Randonn\u00e9es<\/figcaption>            <\/figure>\n        <\/div>\n        \t\t<\/div>\n\t\t\t\t<\/div>\n\t\t\t\t\t\t<\/div>\n\t\t\t\t\t<\/div>\n\t\t<\/div>\n\t\t\t\t<div class=\"elementor-column elementor-col-33 elementor-inner-column elementor-element elementor-element-759ea21\" data-id=\"759ea21\" data-element_type=\"column\">\n\t\t\t<div class=\"elementor-column-wrap elementor-element-populated\">\n\t\t\t\t\t\t\t<div class=\"elementor-widget-wrap\">\n\t\t\t\t\t\t<div class=\"elementor-element elementor-element-8182d69 elementor-widget elementor-widget-thhf-post-image\" data-id=\"8182d69\" data-element_type=\"widget\" data-widget_type=\"thhf-post-image.default\">\n\t\t\t\t<div class=\"elementor-widget-container\">\n\t\t\t        <div class=\"hfe-post-image hfe-post-image-wrapper\">\n            <figure class=\"wp-caption\">\n                            <a href=\"https:\/\/www.ariegeparapente.fr\/\">\n                \n                    <img loading=\"lazy\" decoding=\"async\" width=\"1024\" height=\"683\" src=\"https:\/\/legitedicietdailleurs.com\/wp-content\/uploads\/2023\/07\/IMG_0588-1024x683.jpg\" class=\"attachment-large size-large wp-image-1475\" alt=\"\" srcset=\"https:\/\/legitedicietdailleurs.com\/wp-content\/uploads\/2023\/07\/IMG_0588-1024x683.jpg 1024w, https:\/\/legitedicietdailleurs.com\/wp-content\/uploads\/2023\/07\/IMG_0588-300x200.jpg 300w, https:\/\/legitedicietdailleurs.com\/wp-content\/uploads\/2023\/07\/IMG_0588-768x512.jpg 768w, https:\/\/legitedicietdailleurs.com\/wp-content\/uploads\/2023\/07\/IMG_0588-1536x1024.jpg 1536w, https:\/\/legitedicietdailleurs.com\/wp-content\/uploads\/2023\/07\/IMG_0588-120x80.jpg 120w, https:\/\/legitedicietdailleurs.com\/wp-content\/uploads\/2023\/07\/IMG_0588-394x263.jpg 394w, https:\/\/legitedicietdailleurs.com\/wp-content\/uploads\/2023\/07\/IMG_0588-915x610.jpg 915w, https:\/\/legitedicietdailleurs.com\/wp-content\/uploads\/2023\/07\/IMG_0588-1240x827.jpg 1240w, https:\/\/legitedicietdailleurs.com\/wp-content\/uploads\/2023\/07\/IMG_0588-1620x1080.jpg 1620w, https:\/\/legitedicietdailleurs.com\/wp-content\/uploads\/2023\/07\/IMG_0588-63x42.jpg 63w, https:\/\/legitedicietdailleurs.com\/wp-content\/uploads\/2023\/07\/IMG_0588.jpg 1680w\" sizes=\"auto, (max-width: 1024px) 100vw, 1024px\" \/>                    <\/a>                    <figcaption class=\"widget-image-caption wp-caption-text\">Ari\u00e8ge Parapente<\/figcaption>            <\/figure>\n        <\/div>\n        \t\t<\/div>\n\t\t\t\t<\/div>\n\t\t\t\t\t\t<\/div>\n\t\t\t\t\t<\/div>\n\t\t<\/div>\n\t\t\t\t\t\t\t\t<\/div>\n\t\t\t\t\t<\/div>\n\t\t<\/section>\n\t\t\t\t\t\t<\/div>\n\t\t\t\t\t<\/div>\n\t\t<\/div>\n\t\t\t\t\t\t\t\t<\/div>\n\t\t\t\t\t<\/div>\n\t\t<\/section>\n\t\t\t\t<section class=\"elementor-section elementor-top-section elementor-element elementor-element-f5b7e8f elementor-section-boxed elementor-section-height-default elementor-section-height-default\" data-id=\"f5b7e8f\" data-element_type=\"section\">\n\t\t\t\t\t\t<div class=\"elementor-container elementor-column-gap-default\">\n\t\t\t\t\t\t\t<div class=\"elementor-row\">\n\t\t\t\t\t<div class=\"elementor-column elementor-col-100 elementor-top-column elementor-element elementor-element-62d6330\" data-id=\"62d6330\" data-element_type=\"column\">\n\t\t\t<div class=\"elementor-column-wrap elementor-element-populated\">\n\t\t\t\t\t\t\t<div class=\"elementor-widget-wrap\">\n\t\t\t\t\t\t<section class=\"elementor-section elementor-inner-section elementor-element elementor-element-b5a1c84 elementor-section-boxed elementor-section-height-default elementor-section-height-default\" data-id=\"b5a1c84\" data-element_type=\"section\">\n\t\t\t\t\t\t<div class=\"elementor-container elementor-column-gap-default\">\n\t\t\t\t\t\t\t<div class=\"elementor-row\">\n\t\t\t\t\t<div class=\"elementor-column elementor-col-33 elementor-inner-column elementor-element elementor-element-42cded2\" data-id=\"42cded2\" data-element_type=\"column\">\n\t\t\t<div class=\"elementor-column-wrap elementor-element-populated\">\n\t\t\t\t\t\t\t<div class=\"elementor-widget-wrap\">\n\t\t\t\t\t\t<div class=\"elementor-element elementor-element-bc6a749 elementor-widget elementor-widget-thhf-post-image\" data-id=\"bc6a749\" data-element_type=\"widget\" data-widget_type=\"thhf-post-image.default\">\n\t\t\t\t<div class=\"elementor-widget-container\">\n\t\t\t        <div class=\"hfe-post-image hfe-post-image-wrapper\">\n            <figure class=\"wp-caption\">\n                            <a href=\"https:\/\/www.equitationcantegril.com\/\">\n                \n                    <img loading=\"lazy\" decoding=\"async\" width=\"630\" height=\"420\" src=\"https:\/\/legitedicietdailleurs.com\/wp-content\/uploads\/2023\/08\/activites-cours-chevaux_orig.png\" class=\"attachment-large size-large wp-image-1493\" alt=\"\" srcset=\"https:\/\/legitedicietdailleurs.com\/wp-content\/uploads\/2023\/08\/activites-cours-chevaux_orig.png 630w, https:\/\/legitedicietdailleurs.com\/wp-content\/uploads\/2023\/08\/activites-cours-chevaux_orig-300x200.png 300w, https:\/\/legitedicietdailleurs.com\/wp-content\/uploads\/2023\/08\/activites-cours-chevaux_orig-120x80.png 120w, https:\/\/legitedicietdailleurs.com\/wp-content\/uploads\/2023\/08\/activites-cours-chevaux_orig-394x263.png 394w, https:\/\/legitedicietdailleurs.com\/wp-content\/uploads\/2023\/08\/activites-cours-chevaux_orig-63x42.png 63w\" sizes=\"auto, (max-width: 630px) 100vw, 630px\" \/>                    <\/a>                    <figcaption class=\"widget-image-caption wp-caption-text\">\u00c9quitation<\/figcaption>            <\/figure>\n        <\/div>\n        \t\t<\/div>\n\t\t\t\t<\/div>\n\t\t\t\t\t\t<\/div>\n\t\t\t\t\t<\/div>\n\t\t<\/div>\n\t\t\t\t<div class=\"elementor-column elementor-col-33 elementor-inner-column elementor-element elementor-element-32d24f9\" data-id=\"32d24f9\" data-element_type=\"column\">\n\t\t\t<div class=\"elementor-column-wrap elementor-element-populated\">\n\t\t\t\t\t\t\t<div class=\"elementor-widget-wrap\">\n\t\t\t\t\t\t<div class=\"elementor-element elementor-element-1638613 elementor-widget elementor-widget-thhf-post-image\" data-id=\"1638613\" data-element_type=\"widget\" data-widget_type=\"thhf-post-image.default\">\n\t\t\t\t<div class=\"elementor-widget-container\">\n\t\t\t        <div class=\"hfe-post-image hfe-post-image-wrapper\">\n            <figure class=\"wp-caption\">\n                            <a href=\"http:\/\/www.montcalmaventure.com\/\">\n                \n                    <img loading=\"lazy\" decoding=\"async\" width=\"1024\" height=\"683\" src=\"https:\/\/legitedicietdailleurs.com\/wp-content\/uploads\/2023\/08\/rafting_ADT_ariegepyrenees.jpg\" class=\"attachment-large size-large wp-image-1494\" alt=\"\" srcset=\"https:\/\/legitedicietdailleurs.com\/wp-content\/uploads\/2023\/08\/rafting_ADT_ariegepyrenees.jpg 1024w, https:\/\/legitedicietdailleurs.com\/wp-content\/uploads\/2023\/08\/rafting_ADT_ariegepyrenees-300x200.jpg 300w, https:\/\/legitedicietdailleurs.com\/wp-content\/uploads\/2023\/08\/rafting_ADT_ariegepyrenees-768x512.jpg 768w, https:\/\/legitedicietdailleurs.com\/wp-content\/uploads\/2023\/08\/rafting_ADT_ariegepyrenees-120x80.jpg 120w, https:\/\/legitedicietdailleurs.com\/wp-content\/uploads\/2023\/08\/rafting_ADT_ariegepyrenees-394x263.jpg 394w, https:\/\/legitedicietdailleurs.com\/wp-content\/uploads\/2023\/08\/rafting_ADT_ariegepyrenees-915x610.jpg 915w, https:\/\/legitedicietdailleurs.com\/wp-content\/uploads\/2023\/08\/rafting_ADT_ariegepyrenees-63x42.jpg 63w\" sizes=\"auto, (max-width: 1024px) 100vw, 1024px\" \/>                    <\/a>                    <figcaption class=\"widget-image-caption wp-caption-text\">Accro branche, canyoning, via ferrata<\/figcaption>            <\/figure>\n        <\/div>\n        \t\t<\/div>\n\t\t\t\t<\/div>\n\t\t\t\t\t\t<\/div>\n\t\t\t\t\t<\/div>\n\t\t<\/div>\n\t\t\t\t<div class=\"elementor-column elementor-col-33 elementor-inner-column elementor-element elementor-element-6f2ff29\" data-id=\"6f2ff29\" data-element_type=\"column\">\n\t\t\t<div class=\"elementor-column-wrap elementor-element-populated\">\n\t\t\t\t\t\t\t<div class=\"elementor-widget-wrap\">\n\t\t\t\t\t\t<div class=\"elementor-element elementor-element-89124fe elementor-widget elementor-widget-thhf-post-image\" data-id=\"89124fe\" data-element_type=\"widget\" data-widget_type=\"thhf-post-image.default\">\n\t\t\t\t<div class=\"elementor-widget-container\">\n\t\t\t        <div class=\"hfe-post-image hfe-post-image-wrapper\">\n            <figure class=\"wp-caption\">\n                            <a href=\"http:\/\/www.montcalmaventure.com\/\">\n                \n                    <img loading=\"lazy\" decoding=\"async\" width=\"1024\" height=\"658\" src=\"https:\/\/legitedicietdailleurs.com\/wp-content\/uploads\/2023\/08\/15762646-e1691477206711-1024x658.jpg\" class=\"attachment-large size-large wp-image-1495\" alt=\"\" srcset=\"https:\/\/legitedicietdailleurs.com\/wp-content\/uploads\/2023\/08\/15762646-e1691477206711-1024x658.jpg 1024w, https:\/\/legitedicietdailleurs.com\/wp-content\/uploads\/2023\/08\/15762646-e1691477206711-300x193.jpg 300w, https:\/\/legitedicietdailleurs.com\/wp-content\/uploads\/2023\/08\/15762646-e1691477206711-768x493.jpg 768w, https:\/\/legitedicietdailleurs.com\/wp-content\/uploads\/2023\/08\/15762646-e1691477206711-125x80.jpg 125w, https:\/\/legitedicietdailleurs.com\/wp-content\/uploads\/2023\/08\/15762646-e1691477206711-394x253.jpg 394w, https:\/\/legitedicietdailleurs.com\/wp-content\/uploads\/2023\/08\/15762646-e1691477206711-915x588.jpg 915w, https:\/\/legitedicietdailleurs.com\/wp-content\/uploads\/2023\/08\/15762646-e1691477206711-1240x796.jpg 1240w, https:\/\/legitedicietdailleurs.com\/wp-content\/uploads\/2023\/08\/15762646-e1691477206711-65x42.jpg 65w, https:\/\/legitedicietdailleurs.com\/wp-content\/uploads\/2023\/08\/15762646-e1691477206711.jpg 1280w\" sizes=\"auto, (max-width: 1024px) 100vw, 1024px\" \/>                    <\/a>                    <figcaption class=\"widget-image-caption wp-caption-text\"> VTT, sp\u00e9l\u00e9ologie, escalade<\/figcaption>            <\/figure>\n        <\/div>\n        \t\t<\/div>\n\t\t\t\t<\/div>\n\t\t\t\t\t\t<\/div>\n\t\t\t\t\t<\/div>\n\t\t<\/div>\n\t\t\t\t\t\t\t\t<\/div>\n\t\t\t\t\t<\/div>\n\t\t<\/section>\n\t\t\t\t\t\t<\/div>\n\t\t\t\t\t<\/div>\n\t\t<\/div>\n\t\t\t\t\t\t\t\t<\/div>\n\t\t\t\t\t<\/div>\n\t\t<\/section>\n\t\t\t\t<section class=\"elementor-section elementor-top-section elementor-element elementor-element-320cce0 elementor-section-full_width elementor-section-height-min-height elementor-section-height-default elementor-section-items-middle\" data-id=\"320cce0\" data-element_type=\"section\" data-settings=\"{&quot;background_background&quot;:&quot;classic&quot;}\">\n\t\t\t\t\t\t\t<div class=\"elementor-background-overlay\"><\/div>\n\t\t\t\t\t\t\t<div class=\"elementor-container elementor-column-gap-default\">\n\t\t\t\t\t\t\t<div class=\"elementor-row\">\n\t\t\t\t\t<div class=\"elementor-column elementor-col-100 elementor-top-column elementor-element elementor-element-406c9d7\" data-id=\"406c9d7\" data-element_type=\"column\">\n\t\t\t<div class=\"elementor-column-wrap elementor-element-populated\">\n\t\t\t\t\t\t\t<div class=\"elementor-widget-wrap\">\n\t\t\t\t\t\t<div class=\"elementor-element elementor-element-841ad9e elementor-widget__width-initial elementor-widget elementor-widget-heading\" data-id=\"841ad9e\" data-element_type=\"widget\" data-widget_type=\"heading.default\">\n\t\t\t\t<div class=\"elementor-widget-container\">\n\t\t\t<h2 class=\"elementor-heading-title elementor-size-default\">Lugares de inter\u00e9s<\/h2>\t\t<\/div>\n\t\t\t\t<\/div>\n\t\t\t\t<div class=\"elementor-element elementor-element-9c53a0b elementor-widget__width-initial elementor-widget elementor-widget-text-editor\" data-id=\"9c53a0b\" data-element_type=\"widget\" data-widget_type=\"text-editor.default\">\n\t\t\t\t<div class=\"elementor-widget-container\">\n\t\t\t\t\t\t\t\t<div class=\"elementor-text-editor elementor-clearfix\">\n\t\t\t\t<p>Ari\u00e8ge posee un extraordinario patrimonio hist\u00f3rico e incluso prehist\u00f3rico. <\/p>\n\t\t\t\t\t<\/div>\n\t\t\t\t\t\t<\/div>\n\t\t\t\t<\/div>\n\t\t\t\t\t\t<\/div>\n\t\t\t\t\t<\/div>\n\t\t<\/div>\n\t\t\t\t\t\t\t\t<\/div>\n\t\t\t\t\t<\/div>\n\t\t<\/section>\n\t\t\t\t<section class=\"elementor-section elementor-top-section elementor-element elementor-element-d67925a elementor-section-boxed elementor-section-height-default elementor-section-height-default\" data-id=\"d67925a\" data-element_type=\"section\">\n\t\t\t\t\t\t<div class=\"elementor-container elementor-column-gap-default\">\n\t\t\t\t\t\t\t<div class=\"elementor-row\">\n\t\t\t\t\t<div class=\"elementor-column elementor-col-100 elementor-top-column elementor-element elementor-element-50fa340\" data-id=\"50fa340\" data-element_type=\"column\">\n\t\t\t<div class=\"elementor-column-wrap elementor-element-populated\">\n\t\t\t\t\t\t\t<div class=\"elementor-widget-wrap\">\n\t\t\t\t\t\t<section class=\"elementor-section elementor-inner-section elementor-element elementor-element-e2e0e0c elementor-section-boxed elementor-section-height-default elementor-section-height-default\" data-id=\"e2e0e0c\" data-element_type=\"section\">\n\t\t\t\t\t\t<div class=\"elementor-container elementor-column-gap-default\">\n\t\t\t\t\t\t\t<div class=\"elementor-row\">\n\t\t\t\t\t<div class=\"elementor-column elementor-col-33 elementor-inner-column elementor-element elementor-element-c1dcf2e\" data-id=\"c1dcf2e\" data-element_type=\"column\">\n\t\t\t<div class=\"elementor-column-wrap elementor-element-populated\">\n\t\t\t\t\t\t\t<div class=\"elementor-widget-wrap\">\n\t\t\t\t\t\t<div class=\"elementor-element elementor-element-7cd930b elementor-widget elementor-widget-thhf-post-image\" data-id=\"7cd930b\" data-element_type=\"widget\" data-widget_type=\"thhf-post-image.default\">\n\t\t\t\t<div class=\"elementor-widget-container\">\n\t\t\t        <div class=\"hfe-post-image hfe-post-image-wrapper\">\n            <figure class=\"wp-caption\">\n                            <a href=\"https:\/\/www.sites-touristiques-ariege.fr\/chateau-de-foix\/\">\n                \n                    <img loading=\"lazy\" decoding=\"async\" width=\"1024\" height=\"683\" src=\"https:\/\/legitedicietdailleurs.com\/wp-content\/uploads\/2023\/07\/Chateau_de_foix_ADT_ariegepyrenees.jpg\" class=\"attachment-large size-large wp-image-1470\" alt=\"Ch\u00e2teau de foix vue panoramique des tours\" srcset=\"https:\/\/legitedicietdailleurs.com\/wp-content\/uploads\/2023\/07\/Chateau_de_foix_ADT_ariegepyrenees.jpg 1024w, https:\/\/legitedicietdailleurs.com\/wp-content\/uploads\/2023\/07\/Chateau_de_foix_ADT_ariegepyrenees-300x200.jpg 300w, https:\/\/legitedicietdailleurs.com\/wp-content\/uploads\/2023\/07\/Chateau_de_foix_ADT_ariegepyrenees-768x512.jpg 768w, https:\/\/legitedicietdailleurs.com\/wp-content\/uploads\/2023\/07\/Chateau_de_foix_ADT_ariegepyrenees-120x80.jpg 120w, https:\/\/legitedicietdailleurs.com\/wp-content\/uploads\/2023\/07\/Chateau_de_foix_ADT_ariegepyrenees-394x263.jpg 394w, https:\/\/legitedicietdailleurs.com\/wp-content\/uploads\/2023\/07\/Chateau_de_foix_ADT_ariegepyrenees-915x610.jpg 915w, https:\/\/legitedicietdailleurs.com\/wp-content\/uploads\/2023\/07\/Chateau_de_foix_ADT_ariegepyrenees-63x42.jpg 63w\" sizes=\"auto, (max-width: 1024px) 100vw, 1024px\" \/>                    <\/a>                    <figcaption class=\"widget-image-caption wp-caption-text\">Ch\u00e2teau de Foix<\/figcaption>            <\/figure>\n        <\/div>\n        \t\t<\/div>\n\t\t\t\t<\/div>\n\t\t\t\t\t\t<\/div>\n\t\t\t\t\t<\/div>\n\t\t<\/div>\n\t\t\t\t<div class=\"elementor-column elementor-col-33 elementor-inner-column elementor-element elementor-element-76e9879\" data-id=\"76e9879\" data-element_type=\"column\">\n\t\t\t<div class=\"elementor-column-wrap elementor-element-populated\">\n\t\t\t\t\t\t\t<div class=\"elementor-widget-wrap\">\n\t\t\t\t\t\t<div class=\"elementor-element elementor-element-8baf626 elementor-widget elementor-widget-thhf-post-image\" data-id=\"8baf626\" data-element_type=\"widget\" data-widget_type=\"thhf-post-image.default\">\n\t\t\t\t<div class=\"elementor-widget-container\">\n\t\t\t        <div class=\"hfe-post-image hfe-post-image-wrapper\">\n            <figure class=\"wp-caption\">\n                            <a href=\"https:\/\/www.sites-touristiques-ariege.fr\/grotte-de-niaux\/\">\n                \n                    <img loading=\"lazy\" decoding=\"async\" width=\"1024\" height=\"683\" src=\"https:\/\/legitedicietdailleurs.com\/wp-content\/uploads\/2023\/07\/Niaux_ADT_ariegepyrenees.jpg\" class=\"attachment-large size-large wp-image-1471\" alt=\"\" srcset=\"https:\/\/legitedicietdailleurs.com\/wp-content\/uploads\/2023\/07\/Niaux_ADT_ariegepyrenees.jpg 1024w, https:\/\/legitedicietdailleurs.com\/wp-content\/uploads\/2023\/07\/Niaux_ADT_ariegepyrenees-300x200.jpg 300w, https:\/\/legitedicietdailleurs.com\/wp-content\/uploads\/2023\/07\/Niaux_ADT_ariegepyrenees-768x512.jpg 768w, https:\/\/legitedicietdailleurs.com\/wp-content\/uploads\/2023\/07\/Niaux_ADT_ariegepyrenees-120x80.jpg 120w, https:\/\/legitedicietdailleurs.com\/wp-content\/uploads\/2023\/07\/Niaux_ADT_ariegepyrenees-394x263.jpg 394w, https:\/\/legitedicietdailleurs.com\/wp-content\/uploads\/2023\/07\/Niaux_ADT_ariegepyrenees-915x610.jpg 915w, https:\/\/legitedicietdailleurs.com\/wp-content\/uploads\/2023\/07\/Niaux_ADT_ariegepyrenees-63x42.jpg 63w\" sizes=\"auto, (max-width: 1024px) 100vw, 1024px\" \/>                    <\/a>                    <figcaption class=\"widget-image-caption wp-caption-text\">Grottes pr\u00e9historiques (Niaux, B\u00e9deillhac, Mas d\u2019azil)<\/figcaption>            <\/figure>\n        <\/div>\n        \t\t<\/div>\n\t\t\t\t<\/div>\n\t\t\t\t\t\t<\/div>\n\t\t\t\t\t<\/div>\n\t\t<\/div>\n\t\t\t\t<div class=\"elementor-column elementor-col-33 elementor-inner-column elementor-element elementor-element-4894057\" data-id=\"4894057\" data-element_type=\"column\">\n\t\t\t<div class=\"elementor-column-wrap elementor-element-populated\">\n\t\t\t\t\t\t\t<div class=\"elementor-widget-wrap\">\n\t\t\t\t\t\t<div class=\"elementor-element elementor-element-ec9c0e6 elementor-widget elementor-widget-thhf-post-image\" data-id=\"ec9c0e6\" data-element_type=\"widget\" data-widget_type=\"thhf-post-image.default\">\n\t\t\t\t<div class=\"elementor-widget-container\">\n\t\t\t        <div class=\"hfe-post-image hfe-post-image-wrapper\">\n            <figure class=\"wp-caption\">\n                            <a href=\"https:\/\/www.payscathare.org\/les-sites\/chateau-de-montsegur\">\n                \n                    <img loading=\"lazy\" decoding=\"async\" width=\"1024\" height=\"683\" src=\"https:\/\/legitedicietdailleurs.com\/wp-content\/uploads\/2023\/08\/chateau-Montsegur-Ariege-Pyrenees-Tourisme-oscarrodbag-1024x683.jpg\" class=\"attachment-large size-large wp-image-1851\" alt=\"\" srcset=\"https:\/\/legitedicietdailleurs.com\/wp-content\/uploads\/2023\/08\/chateau-Montsegur-Ariege-Pyrenees-Tourisme-oscarrodbag-1024x683.jpg 1024w, https:\/\/legitedicietdailleurs.com\/wp-content\/uploads\/2023\/08\/chateau-Montsegur-Ariege-Pyrenees-Tourisme-oscarrodbag-300x200.jpg 300w, https:\/\/legitedicietdailleurs.com\/wp-content\/uploads\/2023\/08\/chateau-Montsegur-Ariege-Pyrenees-Tourisme-oscarrodbag-768x512.jpg 768w, https:\/\/legitedicietdailleurs.com\/wp-content\/uploads\/2023\/08\/chateau-Montsegur-Ariege-Pyrenees-Tourisme-oscarrodbag-1536x1025.jpg 1536w, https:\/\/legitedicietdailleurs.com\/wp-content\/uploads\/2023\/08\/chateau-Montsegur-Ariege-Pyrenees-Tourisme-oscarrodbag-120x80.jpg 120w, https:\/\/legitedicietdailleurs.com\/wp-content\/uploads\/2023\/08\/chateau-Montsegur-Ariege-Pyrenees-Tourisme-oscarrodbag-394x263.jpg 394w, https:\/\/legitedicietdailleurs.com\/wp-content\/uploads\/2023\/08\/chateau-Montsegur-Ariege-Pyrenees-Tourisme-oscarrodbag-915x611.jpg 915w, https:\/\/legitedicietdailleurs.com\/wp-content\/uploads\/2023\/08\/chateau-Montsegur-Ariege-Pyrenees-Tourisme-oscarrodbag-1240x827.jpg 1240w, https:\/\/legitedicietdailleurs.com\/wp-content\/uploads\/2023\/08\/chateau-Montsegur-Ariege-Pyrenees-Tourisme-oscarrodbag-1619x1080.jpg 1619w, https:\/\/legitedicietdailleurs.com\/wp-content\/uploads\/2023\/08\/chateau-Montsegur-Ariege-Pyrenees-Tourisme-oscarrodbag-63x42.jpg 63w, https:\/\/legitedicietdailleurs.com\/wp-content\/uploads\/2023\/08\/chateau-Montsegur-Ariege-Pyrenees-Tourisme-oscarrodbag.jpg 1725w\" sizes=\"auto, (max-width: 1024px) 100vw, 1024px\" \/>                    <\/a>                    <figcaption class=\"widget-image-caption wp-caption-text\">Ch\u00e2teaux cathares Monts\u00e9gur et Roquefixade<\/figcaption>            <\/figure>\n        <\/div>\n        \t\t<\/div>\n\t\t\t\t<\/div>\n\t\t\t\t\t\t<\/div>\n\t\t\t\t\t<\/div>\n\t\t<\/div>\n\t\t\t\t\t\t\t\t<\/div>\n\t\t\t\t\t<\/div>\n\t\t<\/section>\n\t\t\t\t\t\t<\/div>\n\t\t\t\t\t<\/div>\n\t\t<\/div>\n\t\t\t\t\t\t\t\t<\/div>\n\t\t\t\t\t<\/div>\n\t\t<\/section>\n\t\t\t\t<section class=\"elementor-section elementor-top-section elementor-element elementor-element-a1c5f8e elementor-section-boxed elementor-section-height-default elementor-section-height-default\" data-id=\"a1c5f8e\" data-element_type=\"section\">\n\t\t\t\t\t\t<div class=\"elementor-container elementor-column-gap-default\">\n\t\t\t\t\t\t\t<div class=\"elementor-row\">\n\t\t\t\t\t<div class=\"elementor-column elementor-col-100 elementor-top-column elementor-element elementor-element-1215c3c\" data-id=\"1215c3c\" data-element_type=\"column\">\n\t\t\t<div class=\"elementor-column-wrap elementor-element-populated\">\n\t\t\t\t\t\t\t<div class=\"elementor-widget-wrap\">\n\t\t\t\t\t\t<section class=\"elementor-section elementor-inner-section elementor-element elementor-element-d4fe06c elementor-section-boxed elementor-section-height-default elementor-section-height-default\" data-id=\"d4fe06c\" data-element_type=\"section\">\n\t\t\t\t\t\t<div class=\"elementor-container elementor-column-gap-default\">\n\t\t\t\t\t\t\t<div class=\"elementor-row\">\n\t\t\t\t\t<div class=\"elementor-column elementor-col-33 elementor-inner-column elementor-element elementor-element-44bff28\" data-id=\"44bff28\" data-element_type=\"column\">\n\t\t\t<div class=\"elementor-column-wrap elementor-element-populated\">\n\t\t\t\t\t\t\t<div class=\"elementor-widget-wrap\">\n\t\t\t\t\t\t<div class=\"elementor-element elementor-element-717eab0 elementor-widget elementor-widget-thhf-post-image\" data-id=\"717eab0\" data-element_type=\"widget\" data-widget_type=\"thhf-post-image.default\">\n\t\t\t\t<div class=\"elementor-widget-container\">\n\t\t\t        <div class=\"hfe-post-image hfe-post-image-wrapper\">\n            <figure class=\"wp-caption\">\n                            <a href=\"https:\/\/www.ariegepyrenees.com\/decouvrir\/incontournables\/les-plus-beaux-villages\/saint-lizier\/\">\n                \n                    <img loading=\"lazy\" decoding=\"async\" width=\"1024\" height=\"667\" src=\"https:\/\/legitedicietdailleurs.com\/wp-content\/uploads\/2023\/07\/Saint_Lizier__ariege_pyrenees_tourisme.jpg\" class=\"attachment-large size-large wp-image-1472\" alt=\"\" srcset=\"https:\/\/legitedicietdailleurs.com\/wp-content\/uploads\/2023\/07\/Saint_Lizier__ariege_pyrenees_tourisme.jpg 1024w, https:\/\/legitedicietdailleurs.com\/wp-content\/uploads\/2023\/07\/Saint_Lizier__ariege_pyrenees_tourisme-300x195.jpg 300w, https:\/\/legitedicietdailleurs.com\/wp-content\/uploads\/2023\/07\/Saint_Lizier__ariege_pyrenees_tourisme-768x500.jpg 768w, https:\/\/legitedicietdailleurs.com\/wp-content\/uploads\/2023\/07\/Saint_Lizier__ariege_pyrenees_tourisme-123x80.jpg 123w, https:\/\/legitedicietdailleurs.com\/wp-content\/uploads\/2023\/07\/Saint_Lizier__ariege_pyrenees_tourisme-394x257.jpg 394w, https:\/\/legitedicietdailleurs.com\/wp-content\/uploads\/2023\/07\/Saint_Lizier__ariege_pyrenees_tourisme-915x596.jpg 915w, https:\/\/legitedicietdailleurs.com\/wp-content\/uploads\/2023\/07\/Saint_Lizier__ariege_pyrenees_tourisme-64x42.jpg 64w\" sizes=\"auto, (max-width: 1024px) 100vw, 1024px\" \/>                    <\/a>                    <figcaption class=\"widget-image-caption wp-caption-text\">Villages typiques Carla Bayle ou Mirepoix<\/figcaption>            <\/figure>\n        <\/div>\n        \t\t<\/div>\n\t\t\t\t<\/div>\n\t\t\t\t\t\t<\/div>\n\t\t\t\t\t<\/div>\n\t\t<\/div>\n\t\t\t\t<div class=\"elementor-column elementor-col-33 elementor-inner-column elementor-element elementor-element-fa5d1a3\" data-id=\"fa5d1a3\" data-element_type=\"column\">\n\t\t\t<div class=\"elementor-column-wrap elementor-element-populated\">\n\t\t\t\t\t\t\t<div class=\"elementor-widget-wrap\">\n\t\t\t\t\t\t<div class=\"elementor-element elementor-element-84e646b elementor-widget elementor-widget-thhf-post-image\" data-id=\"84e646b\" data-element_type=\"widget\" data-widget_type=\"thhf-post-image.default\">\n\t\t\t\t<div class=\"elementor-widget-container\">\n\t\t\t        <div class=\"hfe-post-image hfe-post-image-wrapper\">\n            <figure class=\"wp-caption\">\n                            <a href=\"https:\/\/www.sites-touristiques-ariege.fr\/talcaneo\/\">\n                \n                    <img loading=\"lazy\" decoding=\"async\" width=\"1024\" height=\"673\" src=\"https:\/\/legitedicietdailleurs.com\/wp-content\/uploads\/2023\/08\/TALC-A.Baschenis-1-1024x673.jpg\" class=\"attachment-large size-large wp-image-1504\" alt=\"\" srcset=\"https:\/\/legitedicietdailleurs.com\/wp-content\/uploads\/2023\/08\/TALC-A.Baschenis-1-1024x673.jpg 1024w, https:\/\/legitedicietdailleurs.com\/wp-content\/uploads\/2023\/08\/TALC-A.Baschenis-1-300x197.jpg 300w, https:\/\/legitedicietdailleurs.com\/wp-content\/uploads\/2023\/08\/TALC-A.Baschenis-1-768x505.jpg 768w, https:\/\/legitedicietdailleurs.com\/wp-content\/uploads\/2023\/08\/TALC-A.Baschenis-1-122x80.jpg 122w, https:\/\/legitedicietdailleurs.com\/wp-content\/uploads\/2023\/08\/TALC-A.Baschenis-1-394x259.jpg 394w, https:\/\/legitedicietdailleurs.com\/wp-content\/uploads\/2023\/08\/TALC-A.Baschenis-1-915x602.jpg 915w, https:\/\/legitedicietdailleurs.com\/wp-content\/uploads\/2023\/08\/TALC-A.Baschenis-1-64x42.jpg 64w, https:\/\/legitedicietdailleurs.com\/wp-content\/uploads\/2023\/08\/TALC-A.Baschenis-1.jpg 1200w\" sizes=\"auto, (max-width: 1024px) 100vw, 1024px\" \/>                    <\/a>                    <figcaption class=\"widget-image-caption wp-caption-text\">Talcaneo<\/figcaption>            <\/figure>\n        <\/div>\n        \t\t<\/div>\n\t\t\t\t<\/div>\n\t\t\t\t\t\t<\/div>\n\t\t\t\t\t<\/div>\n\t\t<\/div>\n\t\t\t\t<div class=\"elementor-column elementor-col-33 elementor-inner-column elementor-element elementor-element-6146eca\" data-id=\"6146eca\" data-element_type=\"column\">\n\t\t\t<div class=\"elementor-column-wrap elementor-element-populated\">\n\t\t\t\t\t\t\t<div class=\"elementor-widget-wrap\">\n\t\t\t\t\t\t<div class=\"elementor-element elementor-element-64a29ee elementor-widget elementor-widget-thhf-post-image\" data-id=\"64a29ee\" data-element_type=\"widget\" data-widget_type=\"thhf-post-image.default\">\n\t\t\t\t<div class=\"elementor-widget-container\">\n\t\t\t        <div class=\"hfe-post-image hfe-post-image-wrapper\">\n            <figure class=\"wp-caption\">\n                            <a href=\"https:\/\/www.labouiche.com\/\">\n                \n                    <img loading=\"lazy\" decoding=\"async\" width=\"1024\" height=\"649\" src=\"https:\/\/legitedicietdailleurs.com\/wp-content\/uploads\/2023\/08\/riviere-souterraine-labouiche-ariege-pyrenees-riviere-souterraine-de-labouiche-1-1024x649.jpg\" class=\"attachment-large size-large wp-image-1496\" alt=\"\" srcset=\"https:\/\/legitedicietdailleurs.com\/wp-content\/uploads\/2023\/08\/riviere-souterraine-labouiche-ariege-pyrenees-riviere-souterraine-de-labouiche-1-1024x649.jpg 1024w, https:\/\/legitedicietdailleurs.com\/wp-content\/uploads\/2023\/08\/riviere-souterraine-labouiche-ariege-pyrenees-riviere-souterraine-de-labouiche-1-300x190.jpg 300w, https:\/\/legitedicietdailleurs.com\/wp-content\/uploads\/2023\/08\/riviere-souterraine-labouiche-ariege-pyrenees-riviere-souterraine-de-labouiche-1-768x486.jpg 768w, https:\/\/legitedicietdailleurs.com\/wp-content\/uploads\/2023\/08\/riviere-souterraine-labouiche-ariege-pyrenees-riviere-souterraine-de-labouiche-1-126x80.jpg 126w, https:\/\/legitedicietdailleurs.com\/wp-content\/uploads\/2023\/08\/riviere-souterraine-labouiche-ariege-pyrenees-riviere-souterraine-de-labouiche-1-394x250.jpg 394w, https:\/\/legitedicietdailleurs.com\/wp-content\/uploads\/2023\/08\/riviere-souterraine-labouiche-ariege-pyrenees-riviere-souterraine-de-labouiche-1-915x580.jpg 915w, https:\/\/legitedicietdailleurs.com\/wp-content\/uploads\/2023\/08\/riviere-souterraine-labouiche-ariege-pyrenees-riviere-souterraine-de-labouiche-1-66x42.jpg 66w, https:\/\/legitedicietdailleurs.com\/wp-content\/uploads\/2023\/08\/riviere-souterraine-labouiche-ariege-pyrenees-riviere-souterraine-de-labouiche-1.jpg 1200w\" sizes=\"auto, (max-width: 1024px) 100vw, 1024px\" \/>                    <\/a>                    <figcaption class=\"widget-image-caption wp-caption-text\">La rivi\u00e8re souterraine de Labouiche<\/figcaption>            <\/figure>\n        <\/div>\n        \t\t<\/div>\n\t\t\t\t<\/div>\n\t\t\t\t\t\t<\/div>\n\t\t\t\t\t<\/div>\n\t\t<\/div>\n\t\t\t\t\t\t\t\t<\/div>\n\t\t\t\t\t<\/div>\n\t\t<\/section>\n\t\t\t\t\t\t<\/div>\n\t\t\t\t\t<\/div>\n\t\t<\/div>\n\t\t\t\t\t\t\t\t<\/div>\n\t\t\t\t\t<\/div>\n\t\t<\/section>\n\t\t\t\t<section class=\"elementor-section elementor-top-section elementor-element elementor-element-eb98d00 elementor-section-full_width elementor-section-height-min-height elementor-section-height-default elementor-section-items-middle\" data-id=\"eb98d00\" data-element_type=\"section\" data-settings=\"{&quot;background_background&quot;:&quot;classic&quot;}\">\n\t\t\t\t\t\t\t<div class=\"elementor-background-overlay\"><\/div>\n\t\t\t\t\t\t\t<div class=\"elementor-container elementor-column-gap-default\">\n\t\t\t\t\t\t\t<div class=\"elementor-row\">\n\t\t\t\t\t<div class=\"elementor-column elementor-col-100 elementor-top-column elementor-element elementor-element-b2b9520\" data-id=\"b2b9520\" data-element_type=\"column\">\n\t\t\t<div class=\"elementor-column-wrap elementor-element-populated\">\n\t\t\t\t\t\t\t<div class=\"elementor-widget-wrap\">\n\t\t\t\t\t\t<div class=\"elementor-element elementor-element-9cae6d8 elementor-widget__width-initial elementor-widget elementor-widget-heading\" data-id=\"9cae6d8\" data-element_type=\"widget\" data-widget_type=\"heading.default\">\n\t\t\t\t<div class=\"elementor-widget-container\">\n\t\t\t<h2 class=\"elementor-heading-title elementor-size-default\">Entretenimiento y eventos<\/h2>\t\t<\/div>\n\t\t\t\t<\/div>\n\t\t\t\t<div class=\"elementor-element elementor-element-77a1f2b elementor-widget__width-initial elementor-widget elementor-widget-text-editor\" data-id=\"77a1f2b\" data-element_type=\"widget\" data-widget_type=\"text-editor.default\">\n\t\t\t\t<div class=\"elementor-widget-container\">\n\t\t\t\t\t\t\t\t<div class=\"elementor-text-editor elementor-clearfix\">\n\t\t\t\t<p>Ari\u00e8ge tambi\u00e9n cuenta con una importante escena cultural, con asociaciones activas que organizan una amplia gama de eventos tanto en verano como en invierno.<\/p>\n\t\t\t\t\t<\/div>\n\t\t\t\t\t\t<\/div>\n\t\t\t\t<\/div>\n\t\t\t\t\t\t<\/div>\n\t\t\t\t\t<\/div>\n\t\t<\/div>\n\t\t\t\t\t\t\t\t<\/div>\n\t\t\t\t\t<\/div>\n\t\t<\/section>\n\t\t\t\t<section class=\"elementor-section elementor-top-section elementor-element elementor-element-474087f elementor-section-boxed elementor-section-height-default elementor-section-height-default\" data-id=\"474087f\" data-element_type=\"section\">\n\t\t\t\t\t\t<div class=\"elementor-container elementor-column-gap-default\">\n\t\t\t\t\t\t\t<div class=\"elementor-row\">\n\t\t\t\t\t<div class=\"elementor-column elementor-col-100 elementor-top-column elementor-element elementor-element-d8c31a9\" data-id=\"d8c31a9\" data-element_type=\"column\">\n\t\t\t<div class=\"elementor-column-wrap elementor-element-populated\">\n\t\t\t\t\t\t\t<div class=\"elementor-widget-wrap\">\n\t\t\t\t\t\t<section class=\"elementor-section elementor-inner-section elementor-element elementor-element-3cfc5e5 elementor-section-boxed elementor-section-height-default elementor-section-height-default\" data-id=\"3cfc5e5\" data-element_type=\"section\">\n\t\t\t\t\t\t<div class=\"elementor-container elementor-column-gap-default\">\n\t\t\t\t\t\t\t<div class=\"elementor-row\">\n\t\t\t\t\t<div class=\"elementor-column elementor-col-33 elementor-inner-column elementor-element elementor-element-a2a2edc\" data-id=\"a2a2edc\" data-element_type=\"column\">\n\t\t\t<div class=\"elementor-column-wrap elementor-element-populated\">\n\t\t\t\t\t\t\t<div class=\"elementor-widget-wrap\">\n\t\t\t\t\t\t<div class=\"elementor-element elementor-element-d25fb73 elementor-widget elementor-widget-thhf-post-image\" data-id=\"d25fb73\" data-element_type=\"widget\" data-widget_type=\"thhf-post-image.default\">\n\t\t\t\t<div class=\"elementor-widget-container\">\n\t\t\t        <div class=\"hfe-post-image hfe-post-image-wrapper\">\n            <figure class=\"wp-caption\">\n                            <a href=\"#\">\n                \n                    <img loading=\"lazy\" decoding=\"async\" width=\"1024\" height=\"659\" src=\"https:\/\/legitedicietdailleurs.com\/wp-content\/uploads\/2023\/07\/groupe-jazz-david-rivas-jazz-a-foix-1200x772-1-1024x659.jpg\" class=\"attachment-large size-large wp-image-1427\" alt=\"\" srcset=\"https:\/\/legitedicietdailleurs.com\/wp-content\/uploads\/2023\/07\/groupe-jazz-david-rivas-jazz-a-foix-1200x772-1-1024x659.jpg 1024w, https:\/\/legitedicietdailleurs.com\/wp-content\/uploads\/2023\/07\/groupe-jazz-david-rivas-jazz-a-foix-1200x772-1-300x193.jpg 300w, https:\/\/legitedicietdailleurs.com\/wp-content\/uploads\/2023\/07\/groupe-jazz-david-rivas-jazz-a-foix-1200x772-1-768x494.jpg 768w, https:\/\/legitedicietdailleurs.com\/wp-content\/uploads\/2023\/07\/groupe-jazz-david-rivas-jazz-a-foix-1200x772-1-124x80.jpg 124w, https:\/\/legitedicietdailleurs.com\/wp-content\/uploads\/2023\/07\/groupe-jazz-david-rivas-jazz-a-foix-1200x772-1-394x253.jpg 394w, https:\/\/legitedicietdailleurs.com\/wp-content\/uploads\/2023\/07\/groupe-jazz-david-rivas-jazz-a-foix-1200x772-1-915x589.jpg 915w, https:\/\/legitedicietdailleurs.com\/wp-content\/uploads\/2023\/07\/groupe-jazz-david-rivas-jazz-a-foix-1200x772-1-65x42.jpg 65w, https:\/\/legitedicietdailleurs.com\/wp-content\/uploads\/2023\/07\/groupe-jazz-david-rivas-jazz-a-foix-1200x772-1.jpg 1200w\" sizes=\"auto, (max-width: 1024px) 100vw, 1024px\" \/>                    <\/a>                    <figcaption class=\"widget-image-caption wp-caption-text\">Festival Jazz de Foix<\/figcaption>            <\/figure>\n        <\/div>\n        \t\t<\/div>\n\t\t\t\t<\/div>\n\t\t\t\t\t\t<\/div>\n\t\t\t\t\t<\/div>\n\t\t<\/div>\n\t\t\t\t<div class=\"elementor-column elementor-col-33 elementor-inner-column elementor-element elementor-element-5d1da00\" data-id=\"5d1da00\" data-element_type=\"column\">\n\t\t\t<div class=\"elementor-column-wrap elementor-element-populated\">\n\t\t\t\t\t\t\t<div class=\"elementor-widget-wrap\">\n\t\t\t\t\t\t<div class=\"elementor-element elementor-element-2cc7ba0 elementor-widget elementor-widget-thhf-post-image\" data-id=\"2cc7ba0\" data-element_type=\"widget\" data-widget_type=\"thhf-post-image.default\">\n\t\t\t\t<div class=\"elementor-widget-container\">\n\t\t\t        <div class=\"hfe-post-image hfe-post-image-wrapper\">\n            <figure class=\"wp-caption\">\n                            <a href=\"https:\/\/www.laregion.fr\/35e-edition-Festival-MIMA\">\n                \n                    <img loading=\"lazy\" decoding=\"async\" width=\"839\" height=\"526\" src=\"https:\/\/legitedicietdailleurs.com\/wp-content\/uploads\/2023\/07\/agendaon21240-e1690532692453.jpg\" class=\"attachment-1536x1536 size-1536x1536 wp-image-1477\" alt=\"\" srcset=\"https:\/\/legitedicietdailleurs.com\/wp-content\/uploads\/2023\/07\/agendaon21240-e1690532692453.jpg 839w, https:\/\/legitedicietdailleurs.com\/wp-content\/uploads\/2023\/07\/agendaon21240-e1690532692453-300x188.jpg 300w, https:\/\/legitedicietdailleurs.com\/wp-content\/uploads\/2023\/07\/agendaon21240-e1690532692453-768x481.jpg 768w, https:\/\/legitedicietdailleurs.com\/wp-content\/uploads\/2023\/07\/agendaon21240-e1690532692453-128x80.jpg 128w, https:\/\/legitedicietdailleurs.com\/wp-content\/uploads\/2023\/07\/agendaon21240-e1690532692453-394x247.jpg 394w, https:\/\/legitedicietdailleurs.com\/wp-content\/uploads\/2023\/07\/agendaon21240-e1690532692453-67x42.jpg 67w\" sizes=\"auto, (max-width: 839px) 100vw, 839px\" \/>                    <\/a>                    <figcaption class=\"widget-image-caption wp-caption-text\">35e \u00e9dition Festival MIMA<\/figcaption>            <\/figure>\n        <\/div>\n        \t\t<\/div>\n\t\t\t\t<\/div>\n\t\t\t\t\t\t<\/div>\n\t\t\t\t\t<\/div>\n\t\t<\/div>\n\t\t\t\t<div class=\"elementor-column elementor-col-33 elementor-inner-column elementor-element elementor-element-bdbcc0f\" data-id=\"bdbcc0f\" data-element_type=\"column\">\n\t\t\t<div class=\"elementor-column-wrap elementor-element-populated\">\n\t\t\t\t\t\t\t<div class=\"elementor-widget-wrap\">\n\t\t\t\t\t\t<div class=\"elementor-element elementor-element-967338f elementor-widget elementor-widget-thhf-post-image\" data-id=\"967338f\" data-element_type=\"widget\" data-widget_type=\"thhf-post-image.default\">\n\t\t\t\t<div class=\"elementor-widget-container\">\n\t\t\t        <div class=\"hfe-post-image hfe-post-image-wrapper\">\n            <figure class=\"wp-caption\">\n                            <a href=\"https:\/\/ingenieuseafrique.info\/\">\n                \n                    <img loading=\"lazy\" decoding=\"async\" width=\"1300\" height=\"812\" src=\"https:\/\/legitedicietdailleurs.com\/wp-content\/uploads\/2023\/08\/2018-06-19_121840_Copie-de-fond-ingenieuse-2017-1--e1691484419632.jpg\" class=\"attachment-1536x1536 size-1536x1536 wp-image-1860\" alt=\"\" srcset=\"https:\/\/legitedicietdailleurs.com\/wp-content\/uploads\/2023\/08\/2018-06-19_121840_Copie-de-fond-ingenieuse-2017-1--e1691484419632.jpg 1300w, https:\/\/legitedicietdailleurs.com\/wp-content\/uploads\/2023\/08\/2018-06-19_121840_Copie-de-fond-ingenieuse-2017-1--e1691484419632-300x187.jpg 300w, https:\/\/legitedicietdailleurs.com\/wp-content\/uploads\/2023\/08\/2018-06-19_121840_Copie-de-fond-ingenieuse-2017-1--e1691484419632-1024x640.jpg 1024w, https:\/\/legitedicietdailleurs.com\/wp-content\/uploads\/2023\/08\/2018-06-19_121840_Copie-de-fond-ingenieuse-2017-1--e1691484419632-768x480.jpg 768w, https:\/\/legitedicietdailleurs.com\/wp-content\/uploads\/2023\/08\/2018-06-19_121840_Copie-de-fond-ingenieuse-2017-1--e1691484419632-128x80.jpg 128w, https:\/\/legitedicietdailleurs.com\/wp-content\/uploads\/2023\/08\/2018-06-19_121840_Copie-de-fond-ingenieuse-2017-1--e1691484419632-394x246.jpg 394w, https:\/\/legitedicietdailleurs.com\/wp-content\/uploads\/2023\/08\/2018-06-19_121840_Copie-de-fond-ingenieuse-2017-1--e1691484419632-915x572.jpg 915w, https:\/\/legitedicietdailleurs.com\/wp-content\/uploads\/2023\/08\/2018-06-19_121840_Copie-de-fond-ingenieuse-2017-1--e1691484419632-1240x775.jpg 1240w, https:\/\/legitedicietdailleurs.com\/wp-content\/uploads\/2023\/08\/2018-06-19_121840_Copie-de-fond-ingenieuse-2017-1--e1691484419632-67x42.jpg 67w\" sizes=\"auto, (max-width: 1300px) 100vw, 1300px\" \/>                    <\/a>                    <figcaption class=\"widget-image-caption wp-caption-text\">Festival ing\u00e9nieuse Afrique<\/figcaption>            <\/figure>\n        <\/div>\n        \t\t<\/div>\n\t\t\t\t<\/div>\n\t\t\t\t\t\t<\/div>\n\t\t\t\t\t<\/div>\n\t\t<\/div>\n\t\t\t\t\t\t\t\t<\/div>\n\t\t\t\t\t<\/div>\n\t\t<\/section>\n\t\t\t\t\t\t<\/div>\n\t\t\t\t\t<\/div>\n\t\t<\/div>\n\t\t\t\t\t\t\t\t<\/div>\n\t\t\t\t\t<\/div>\n\t\t<\/section>\n\t\t\t\t<section class=\"elementor-section elementor-top-section elementor-element elementor-element-46539a6 elementor-section-boxed elementor-section-height-default elementor-section-height-default\" data-id=\"46539a6\" data-element_type=\"section\">\n\t\t\t\t\t\t<div class=\"elementor-container elementor-column-gap-default\">\n\t\t\t\t\t\t\t<div class=\"elementor-row\">\n\t\t\t\t\t<div class=\"elementor-column elementor-col-100 elementor-top-column elementor-element elementor-element-a9b463c\" data-id=\"a9b463c\" data-element_type=\"column\">\n\t\t\t<div class=\"elementor-column-wrap elementor-element-populated\">\n\t\t\t\t\t\t\t<div class=\"elementor-widget-wrap\">\n\t\t\t\t\t\t<section class=\"elementor-section elementor-inner-section elementor-element elementor-element-20f6b39 elementor-section-boxed elementor-section-height-default elementor-section-height-default\" data-id=\"20f6b39\" data-element_type=\"section\">\n\t\t\t\t\t\t<div class=\"elementor-container elementor-column-gap-default\">\n\t\t\t\t\t\t\t<div class=\"elementor-row\">\n\t\t\t\t\t<div class=\"elementor-column elementor-col-33 elementor-inner-column elementor-element elementor-element-398d639\" data-id=\"398d639\" data-element_type=\"column\">\n\t\t\t<div class=\"elementor-column-wrap elementor-element-populated\">\n\t\t\t\t\t\t\t<div class=\"elementor-widget-wrap\">\n\t\t\t\t\t\t<div class=\"elementor-element elementor-element-5fcc7ef elementor-widget elementor-widget-thhf-post-image\" data-id=\"5fcc7ef\" data-element_type=\"widget\" data-widget_type=\"thhf-post-image.default\">\n\t\t\t\t<div class=\"elementor-widget-container\">\n\t\t\t        <div class=\"hfe-post-image hfe-post-image-wrapper\">\n            <figure class=\"wp-caption\">\n                            <a href=\"https:\/\/www.facebook.com\/AssociationPotiersAriege\/?locale=fr_FR\">\n                \n                    <img loading=\"lazy\" decoding=\"async\" width=\"905\" height=\"516\" src=\"https:\/\/legitedicietdailleurs.com\/wp-content\/uploads\/2023\/08\/352830578_248795344512671_2994402573766259737_n-1.png\" class=\"attachment-large size-large wp-image-1874\" alt=\"\" srcset=\"https:\/\/legitedicietdailleurs.com\/wp-content\/uploads\/2023\/08\/352830578_248795344512671_2994402573766259737_n-1.png 905w, https:\/\/legitedicietdailleurs.com\/wp-content\/uploads\/2023\/08\/352830578_248795344512671_2994402573766259737_n-1-300x171.png 300w, https:\/\/legitedicietdailleurs.com\/wp-content\/uploads\/2023\/08\/352830578_248795344512671_2994402573766259737_n-1-768x438.png 768w, https:\/\/legitedicietdailleurs.com\/wp-content\/uploads\/2023\/08\/352830578_248795344512671_2994402573766259737_n-1-140x80.png 140w, https:\/\/legitedicietdailleurs.com\/wp-content\/uploads\/2023\/08\/352830578_248795344512671_2994402573766259737_n-1-394x225.png 394w, https:\/\/legitedicietdailleurs.com\/wp-content\/uploads\/2023\/08\/352830578_248795344512671_2994402573766259737_n-1-74x42.png 74w\" sizes=\"auto, (max-width: 905px) 100vw, 905px\" \/>                    <\/a>                    <figcaption class=\"widget-image-caption wp-caption-text\">Marathon du Montcalm et Ultra de montagne PicaPica <\/figcaption>            <\/figure>\n        <\/div>\n        \t\t<\/div>\n\t\t\t\t<\/div>\n\t\t\t\t\t\t<\/div>\n\t\t\t\t\t<\/div>\n\t\t<\/div>\n\t\t\t\t<div class=\"elementor-column elementor-col-33 elementor-inner-column elementor-element elementor-element-e6861ae\" data-id=\"e6861ae\" data-element_type=\"column\">\n\t\t\t<div class=\"elementor-column-wrap elementor-element-populated\">\n\t\t\t\t\t\t\t<div class=\"elementor-widget-wrap\">\n\t\t\t\t\t\t<div class=\"elementor-element elementor-element-997822f elementor-widget elementor-widget-thhf-post-image\" data-id=\"997822f\" data-element_type=\"widget\" data-widget_type=\"thhf-post-image.default\">\n\t\t\t\t<div class=\"elementor-widget-container\">\n\t\t\t        <div class=\"hfe-post-image hfe-post-image-wrapper\">\n            <figure class=\"wp-caption\">\n                            <a href=\"https:\/\/www.marathon-montcalm.com\/fr\">\n                \n                    <img loading=\"lazy\" decoding=\"async\" width=\"1024\" height=\"657\" src=\"https:\/\/legitedicietdailleurs.com\/wp-content\/uploads\/2023\/08\/Affiche-Challenge-du-Montcalm-2023-e1691484879891-1024x657.jpg\" class=\"attachment-large size-large wp-image-1870\" alt=\"\" srcset=\"https:\/\/legitedicietdailleurs.com\/wp-content\/uploads\/2023\/08\/Affiche-Challenge-du-Montcalm-2023-e1691484879891-1024x657.jpg 1024w, https:\/\/legitedicietdailleurs.com\/wp-content\/uploads\/2023\/08\/Affiche-Challenge-du-Montcalm-2023-e1691484879891-300x193.jpg 300w, https:\/\/legitedicietdailleurs.com\/wp-content\/uploads\/2023\/08\/Affiche-Challenge-du-Montcalm-2023-e1691484879891-768x493.jpg 768w, https:\/\/legitedicietdailleurs.com\/wp-content\/uploads\/2023\/08\/Affiche-Challenge-du-Montcalm-2023-e1691484879891-125x80.jpg 125w, https:\/\/legitedicietdailleurs.com\/wp-content\/uploads\/2023\/08\/Affiche-Challenge-du-Montcalm-2023-e1691484879891-394x253.jpg 394w, https:\/\/legitedicietdailleurs.com\/wp-content\/uploads\/2023\/08\/Affiche-Challenge-du-Montcalm-2023-e1691484879891-915x587.jpg 915w, https:\/\/legitedicietdailleurs.com\/wp-content\/uploads\/2023\/08\/Affiche-Challenge-du-Montcalm-2023-e1691484879891-1240x796.jpg 1240w, https:\/\/legitedicietdailleurs.com\/wp-content\/uploads\/2023\/08\/Affiche-Challenge-du-Montcalm-2023-e1691484879891-65x42.jpg 65w, https:\/\/legitedicietdailleurs.com\/wp-content\/uploads\/2023\/08\/Affiche-Challenge-du-Montcalm-2023-e1691484879891.jpg 1443w\" sizes=\"auto, (max-width: 1024px) 100vw, 1024px\" \/>                    <\/a>                    <figcaption class=\"widget-image-caption wp-caption-text\">Marathon du Montcalm et Ultra de montagne PicaPica <\/figcaption>            <\/figure>\n        <\/div>\n        \t\t<\/div>\n\t\t\t\t<\/div>\n\t\t\t\t\t\t<\/div>\n\t\t\t\t\t<\/div>\n\t\t<\/div>\n\t\t\t\t<div class=\"elementor-column elementor-col-33 elementor-inner-column elementor-element elementor-element-8b0159d\" data-id=\"8b0159d\" data-element_type=\"column\">\n\t\t\t<div class=\"elementor-column-wrap elementor-element-populated\">\n\t\t\t\t\t\t\t<div class=\"elementor-widget-wrap\">\n\t\t\t\t\t\t<div class=\"elementor-element elementor-element-454c9e5 elementor-widget elementor-widget-thhf-post-image\" data-id=\"454c9e5\" data-element_type=\"widget\" data-widget_type=\"thhf-post-image.default\">\n\t\t\t\t<div class=\"elementor-widget-container\">\n\t\t\t        <div class=\"hfe-post-image hfe-post-image-wrapper\">\n            <figure class=\"wp-caption\">\n                            <a href=\"https:\/\/www.foixterredhistoire.fr\/\">\n                \n                    <img loading=\"lazy\" decoding=\"async\" width=\"430\" height=\"298\" src=\"https:\/\/legitedicietdailleurs.com\/wp-content\/uploads\/2023\/07\/image-e1690532821724.jpg\" class=\"attachment-1536x1536 size-1536x1536 wp-image-1478\" alt=\"\" srcset=\"https:\/\/legitedicietdailleurs.com\/wp-content\/uploads\/2023\/07\/image-e1690532821724.jpg 430w, https:\/\/legitedicietdailleurs.com\/wp-content\/uploads\/2023\/07\/image-e1690532821724-300x208.jpg 300w, https:\/\/legitedicietdailleurs.com\/wp-content\/uploads\/2023\/07\/image-e1690532821724-115x80.jpg 115w, https:\/\/legitedicietdailleurs.com\/wp-content\/uploads\/2023\/07\/image-e1690532821724-394x273.jpg 394w, https:\/\/legitedicietdailleurs.com\/wp-content\/uploads\/2023\/07\/image-e1690532821724-61x42.jpg 61w\" sizes=\"auto, (max-width: 430px) 100vw, 430px\" \/>                    <\/a>                    <figcaption class=\"widget-image-caption wp-caption-text\">Foix Terre d'Histoire<\/figcaption>            <\/figure>\n        <\/div>\n        \t\t<\/div>\n\t\t\t\t<\/div>\n\t\t\t\t\t\t<\/div>\n\t\t\t\t\t<\/div>\n\t\t<\/div>\n\t\t\t\t\t\t\t\t<\/div>\n\t\t\t\t\t<\/div>\n\t\t<\/section>\n\t\t\t\t\t\t<\/div>\n\t\t\t\t\t<\/div>\n\t\t<\/div>\n\t\t\t\t\t\t\t\t<\/div>\n\t\t\t\t\t<\/div>\n\t\t<\/section>\n\t\t\t\t<section class=\"elementor-section elementor-top-section elementor-element elementor-element-d6cbfb2 elementor-section-full_width elementor-section-height-min-height elementor-section-height-default elementor-section-items-middle\" data-id=\"d6cbfb2\" data-element_type=\"section\" data-settings=\"{&quot;background_background&quot;:&quot;classic&quot;}\">\n\t\t\t\t\t\t\t<div class=\"elementor-background-overlay\"><\/div>\n\t\t\t\t\t\t\t<div class=\"elementor-container elementor-column-gap-default\">\n\t\t\t\t\t\t\t<div class=\"elementor-row\">\n\t\t\t\t\t<div class=\"elementor-column elementor-col-100 elementor-top-column elementor-element elementor-element-654901f\" data-id=\"654901f\" data-element_type=\"column\">\n\t\t\t<div class=\"elementor-column-wrap elementor-element-populated\">\n\t\t\t\t\t\t\t<div class=\"elementor-widget-wrap\">\n\t\t\t\t\t\t<div class=\"elementor-element elementor-element-71d2fd8 elementor-widget__width-initial elementor-widget elementor-widget-heading\" data-id=\"71d2fd8\" data-element_type=\"widget\" data-widget_type=\"heading.default\">\n\t\t\t\t<div class=\"elementor-widget-container\">\n\t\t\t<h2 class=\"elementor-heading-title elementor-size-default\">Para ni\u00f1os<\/h2>\t\t<\/div>\n\t\t\t\t<\/div>\n\t\t\t\t<div class=\"elementor-element elementor-element-a8b4577 elementor-widget__width-initial elementor-widget elementor-widget-text-editor\" data-id=\"a8b4577\" data-element_type=\"widget\" data-widget_type=\"text-editor.default\">\n\t\t\t\t<div class=\"elementor-widget-container\">\n\t\t\t\t\t\t\t\t<div class=\"elementor-text-editor elementor-clearfix\">\n\t\t\t\t<p>\u00a1Ni\u00f1os felices significa felices fiestas! As\u00ed pues, Ari\u00e8ge tiene mucho que ofrecer a j\u00f3venes y mayores.<\/p>\n\t\t\t\t\t<\/div>\n\t\t\t\t\t\t<\/div>\n\t\t\t\t<\/div>\n\t\t\t\t\t\t<\/div>\n\t\t\t\t\t<\/div>\n\t\t<\/div>\n\t\t\t\t\t\t\t\t<\/div>\n\t\t\t\t\t<\/div>\n\t\t<\/section>\n\t\t\t\t<section class=\"elementor-section elementor-top-section elementor-element elementor-element-7bb867f elementor-section-boxed elementor-section-height-default elementor-section-height-default\" data-id=\"7bb867f\" data-element_type=\"section\">\n\t\t\t\t\t\t<div class=\"elementor-container elementor-column-gap-default\">\n\t\t\t\t\t\t\t<div class=\"elementor-row\">\n\t\t\t\t\t<div class=\"elementor-column elementor-col-100 elementor-top-column elementor-element elementor-element-459eaa4\" data-id=\"459eaa4\" data-element_type=\"column\">\n\t\t\t<div class=\"elementor-column-wrap elementor-element-populated\">\n\t\t\t\t\t\t\t<div class=\"elementor-widget-wrap\">\n\t\t\t\t\t\t<section class=\"elementor-section elementor-inner-section elementor-element elementor-element-0fe1b46 elementor-section-boxed elementor-section-height-default elementor-section-height-default\" data-id=\"0fe1b46\" data-element_type=\"section\">\n\t\t\t\t\t\t<div class=\"elementor-container elementor-column-gap-default\">\n\t\t\t\t\t\t\t<div class=\"elementor-row\">\n\t\t\t\t\t<div class=\"elementor-column elementor-col-25 elementor-inner-column elementor-element elementor-element-2e2ee6c\" data-id=\"2e2ee6c\" data-element_type=\"column\">\n\t\t\t<div class=\"elementor-column-wrap elementor-element-populated\">\n\t\t\t\t\t\t\t<div class=\"elementor-widget-wrap\">\n\t\t\t\t\t\t<div class=\"elementor-element elementor-element-0dd7b45 elementor-widget elementor-widget-thhf-post-image\" data-id=\"0dd7b45\" data-element_type=\"widget\" data-widget_type=\"thhf-post-image.default\">\n\t\t\t\t<div class=\"elementor-widget-container\">\n\t\t\t        <div class=\"hfe-post-image hfe-post-image-wrapper\">\n            <figure class=\"wp-caption\">\n                            <a href=\"https:\/\/www.sites-touristiques-ariege.fr\/parc-de-la-prehistoire\/\">\n                \n                    <img loading=\"lazy\" decoding=\"async\" width=\"1024\" height=\"683\" src=\"https:\/\/legitedicietdailleurs.com\/wp-content\/uploads\/2023\/07\/1200px-Parc_pyreneen_de_lart_prehistorique_Tarascon-sur-Ariege-1024x683.jpg\" class=\"attachment-large size-large wp-image-1433\" alt=\"\" srcset=\"https:\/\/legitedicietdailleurs.com\/wp-content\/uploads\/2023\/07\/1200px-Parc_pyreneen_de_lart_prehistorique_Tarascon-sur-Ariege-1024x683.jpg 1024w, https:\/\/legitedicietdailleurs.com\/wp-content\/uploads\/2023\/07\/1200px-Parc_pyreneen_de_lart_prehistorique_Tarascon-sur-Ariege-300x200.jpg 300w, https:\/\/legitedicietdailleurs.com\/wp-content\/uploads\/2023\/07\/1200px-Parc_pyreneen_de_lart_prehistorique_Tarascon-sur-Ariege-768x512.jpg 768w, https:\/\/legitedicietdailleurs.com\/wp-content\/uploads\/2023\/07\/1200px-Parc_pyreneen_de_lart_prehistorique_Tarascon-sur-Ariege-120x80.jpg 120w, https:\/\/legitedicietdailleurs.com\/wp-content\/uploads\/2023\/07\/1200px-Parc_pyreneen_de_lart_prehistorique_Tarascon-sur-Ariege-394x263.jpg 394w, https:\/\/legitedicietdailleurs.com\/wp-content\/uploads\/2023\/07\/1200px-Parc_pyreneen_de_lart_prehistorique_Tarascon-sur-Ariege-915x610.jpg 915w, https:\/\/legitedicietdailleurs.com\/wp-content\/uploads\/2023\/07\/1200px-Parc_pyreneen_de_lart_prehistorique_Tarascon-sur-Ariege-63x42.jpg 63w, https:\/\/legitedicietdailleurs.com\/wp-content\/uploads\/2023\/07\/1200px-Parc_pyreneen_de_lart_prehistorique_Tarascon-sur-Ariege.jpg 1200w\" sizes=\"auto, (max-width: 1024px) 100vw, 1024px\" \/>                    <\/a>                    <figcaption class=\"widget-image-caption wp-caption-text\">Parc de la pr\u00e9histoire<\/figcaption>            <\/figure>\n        <\/div>\n        \t\t<\/div>\n\t\t\t\t<\/div>\n\t\t\t\t\t\t<\/div>\n\t\t\t\t\t<\/div>\n\t\t<\/div>\n\t\t\t\t<div class=\"elementor-column elementor-col-25 elementor-inner-column elementor-element elementor-element-da4085f\" data-id=\"da4085f\" data-element_type=\"column\">\n\t\t\t<div class=\"elementor-column-wrap elementor-element-populated\">\n\t\t\t\t\t\t\t<div class=\"elementor-widget-wrap\">\n\t\t\t\t\t\t<div class=\"elementor-element elementor-element-2df36ff elementor-widget elementor-widget-thhf-post-image\" data-id=\"2df36ff\" data-element_type=\"widget\" data-widget_type=\"thhf-post-image.default\">\n\t\t\t\t<div class=\"elementor-widget-container\">\n\t\t\t        <div class=\"hfe-post-image hfe-post-image-wrapper\">\n            <figure class=\"wp-caption\">\n                            <a href=\"https:\/\/www.lafermedesreptiles.fr\/\">\n                \n                    <img loading=\"lazy\" decoding=\"async\" width=\"1536\" height=\"1024\" src=\"https:\/\/legitedicietdailleurs.com\/wp-content\/uploads\/2023\/08\/la-ferme-des-reptiles-01-1536x1024.jpg\" class=\"attachment-1536x1536 size-1536x1536 wp-image-1497\" alt=\"\" srcset=\"https:\/\/legitedicietdailleurs.com\/wp-content\/uploads\/2023\/08\/la-ferme-des-reptiles-01-1536x1024.jpg 1536w, https:\/\/legitedicietdailleurs.com\/wp-content\/uploads\/2023\/08\/la-ferme-des-reptiles-01-300x200.jpg 300w, https:\/\/legitedicietdailleurs.com\/wp-content\/uploads\/2023\/08\/la-ferme-des-reptiles-01-1024x683.jpg 1024w, https:\/\/legitedicietdailleurs.com\/wp-content\/uploads\/2023\/08\/la-ferme-des-reptiles-01-768x512.jpg 768w, https:\/\/legitedicietdailleurs.com\/wp-content\/uploads\/2023\/08\/la-ferme-des-reptiles-01-120x80.jpg 120w, https:\/\/legitedicietdailleurs.com\/wp-content\/uploads\/2023\/08\/la-ferme-des-reptiles-01-394x263.jpg 394w, https:\/\/legitedicietdailleurs.com\/wp-content\/uploads\/2023\/08\/la-ferme-des-reptiles-01-915x610.jpg 915w, https:\/\/legitedicietdailleurs.com\/wp-content\/uploads\/2023\/08\/la-ferme-des-reptiles-01-1240x827.jpg 1240w, https:\/\/legitedicietdailleurs.com\/wp-content\/uploads\/2023\/08\/la-ferme-des-reptiles-01-63x42.jpg 63w, https:\/\/legitedicietdailleurs.com\/wp-content\/uploads\/2023\/08\/la-ferme-des-reptiles-01.jpg 1600w\" sizes=\"auto, (max-width: 1536px) 100vw, 1536px\" \/>                    <\/a>                    <figcaption class=\"widget-image-caption wp-caption-text\">La ferme au reptiles<\/figcaption>            <\/figure>\n        <\/div>\n        \t\t<\/div>\n\t\t\t\t<\/div>\n\t\t\t\t\t\t<\/div>\n\t\t\t\t\t<\/div>\n\t\t<\/div>\n\t\t\t\t<div class=\"elementor-column elementor-col-25 elementor-inner-column elementor-element elementor-element-dcc37a5\" data-id=\"dcc37a5\" data-element_type=\"column\">\n\t\t\t<div class=\"elementor-column-wrap elementor-element-populated\">\n\t\t\t\t\t\t\t<div class=\"elementor-widget-wrap\">\n\t\t\t\t\t\t<div class=\"elementor-element elementor-element-67999f2 elementor-widget elementor-widget-thhf-post-image\" data-id=\"67999f2\" data-element_type=\"widget\" data-widget_type=\"thhf-post-image.default\">\n\t\t\t\t<div class=\"elementor-widget-container\">\n\t\t\t        <div class=\"hfe-post-image hfe-post-image-wrapper\">\n            <figure class=\"wp-caption\">\n                            <a href=\"https:\/\/www.forges-de-pyrene.com\/\">\n                \n                    <img loading=\"lazy\" decoding=\"async\" width=\"1024\" height=\"650\" src=\"https:\/\/legitedicietdailleurs.com\/wp-content\/uploads\/2023\/08\/les-forges-de-pyrene-le-village-inoublie-1024x650.webp\" class=\"attachment-large size-large wp-image-1498\" alt=\"\" srcset=\"https:\/\/legitedicietdailleurs.com\/wp-content\/uploads\/2023\/08\/les-forges-de-pyrene-le-village-inoublie-1024x650.webp 1024w, https:\/\/legitedicietdailleurs.com\/wp-content\/uploads\/2023\/08\/les-forges-de-pyrene-le-village-inoublie-300x190.webp 300w, https:\/\/legitedicietdailleurs.com\/wp-content\/uploads\/2023\/08\/les-forges-de-pyrene-le-village-inoublie-768x488.webp 768w, https:\/\/legitedicietdailleurs.com\/wp-content\/uploads\/2023\/08\/les-forges-de-pyrene-le-village-inoublie-1536x975.webp 1536w, https:\/\/legitedicietdailleurs.com\/wp-content\/uploads\/2023\/08\/les-forges-de-pyrene-le-village-inoublie-126x80.webp 126w, https:\/\/legitedicietdailleurs.com\/wp-content\/uploads\/2023\/08\/les-forges-de-pyrene-le-village-inoublie-394x250.webp 394w, https:\/\/legitedicietdailleurs.com\/wp-content\/uploads\/2023\/08\/les-forges-de-pyrene-le-village-inoublie-915x581.webp 915w, https:\/\/legitedicietdailleurs.com\/wp-content\/uploads\/2023\/08\/les-forges-de-pyrene-le-village-inoublie-1240x787.webp 1240w, https:\/\/legitedicietdailleurs.com\/wp-content\/uploads\/2023\/08\/les-forges-de-pyrene-le-village-inoublie-1701x1080.webp 1701w, https:\/\/legitedicietdailleurs.com\/wp-content\/uploads\/2023\/08\/les-forges-de-pyrene-le-village-inoublie-66x42.webp 66w, https:\/\/legitedicietdailleurs.com\/wp-content\/uploads\/2023\/08\/les-forges-de-pyrene-le-village-inoublie.webp 1772w\" sizes=\"auto, (max-width: 1024px) 100vw, 1024px\" \/>                    <\/a>                    <figcaption class=\"widget-image-caption wp-caption-text\">Forges de pyr\u00e8ne<\/figcaption>            <\/figure>\n        <\/div>\n        \t\t<\/div>\n\t\t\t\t<\/div>\n\t\t\t\t\t\t<\/div>\n\t\t\t\t\t<\/div>\n\t\t<\/div>\n\t\t\t\t<div class=\"elementor-column elementor-col-25 elementor-inner-column elementor-element elementor-element-9b767be\" data-id=\"9b767be\" data-element_type=\"column\">\n\t\t\t<div class=\"elementor-column-wrap elementor-element-populated\">\n\t\t\t\t\t\t\t<div class=\"elementor-widget-wrap\">\n\t\t\t\t\t\t<div class=\"elementor-element elementor-element-0ed4bc1 elementor-widget elementor-widget-thhf-post-image\" data-id=\"0ed4bc1\" data-element_type=\"widget\" data-widget_type=\"thhf-post-image.default\">\n\t\t\t\t<div class=\"elementor-widget-container\">\n\t\t\t        <div class=\"hfe-post-image hfe-post-image-wrapper\">\n            <figure class=\"wp-caption\">\n                            <a href=\"https:\/\/www.xploria.com\/\">\n                \n                    <img loading=\"lazy\" decoding=\"async\" width=\"600\" height=\"400\" src=\"https:\/\/legitedicietdailleurs.com\/wp-content\/uploads\/2023\/08\/img_9057_r.jpg\" class=\"attachment-large size-large wp-image-1499\" alt=\"\" srcset=\"https:\/\/legitedicietdailleurs.com\/wp-content\/uploads\/2023\/08\/img_9057_r.jpg 600w, https:\/\/legitedicietdailleurs.com\/wp-content\/uploads\/2023\/08\/img_9057_r-300x200.jpg 300w, https:\/\/legitedicietdailleurs.com\/wp-content\/uploads\/2023\/08\/img_9057_r-120x80.jpg 120w, https:\/\/legitedicietdailleurs.com\/wp-content\/uploads\/2023\/08\/img_9057_r-394x263.jpg 394w, https:\/\/legitedicietdailleurs.com\/wp-content\/uploads\/2023\/08\/img_9057_r-63x42.jpg 63w\" sizes=\"auto, (max-width: 600px) 100vw, 600px\" \/>                    <\/a>                    <figcaption class=\"widget-image-caption wp-caption-text\">Xploria<\/figcaption>            <\/figure>\n        <\/div>\n        \t\t<\/div>\n\t\t\t\t<\/div>\n\t\t\t\t\t\t<\/div>\n\t\t\t\t\t<\/div>\n\t\t<\/div>\n\t\t\t\t\t\t\t\t<\/div>\n\t\t\t\t\t<\/div>\n\t\t<\/section>\n\t\t\t\t\t\t<\/div>\n\t\t\t\t\t<\/div>\n\t\t<\/div>\n\t\t\t\t\t\t\t\t<\/div>\n\t\t\t\t\t<\/div>\n\t\t<\/section>\n\t\t\t\t<section class=\"elementor-section elementor-top-section elementor-element elementor-element-e47fda1 elementor-section-boxed elementor-section-height-default elementor-section-height-default\" data-id=\"e47fda1\" data-element_type=\"section\">\n\t\t\t\t\t\t<div class=\"elementor-container elementor-column-gap-default\">\n\t\t\t\t\t\t\t<div class=\"elementor-row\">\n\t\t\t\t\t<div class=\"elementor-column elementor-col-100 elementor-top-column elementor-element elementor-element-f078b01\" data-id=\"f078b01\" data-element_type=\"column\">\n\t\t\t<div class=\"elementor-column-wrap elementor-element-populated\">\n\t\t\t\t\t\t\t<div class=\"elementor-widget-wrap\">\n\t\t\t\t\t\t<section class=\"elementor-section elementor-inner-section elementor-element elementor-element-9ea95b1 elementor-section-boxed elementor-section-height-default elementor-section-height-default\" data-id=\"9ea95b1\" data-element_type=\"section\">\n\t\t\t\t\t\t<div class=\"elementor-container elementor-column-gap-default\">\n\t\t\t\t\t\t\t<div class=\"elementor-row\">\n\t\t\t\t\t<div class=\"elementor-column elementor-col-25 elementor-inner-column elementor-element elementor-element-f3b368c\" data-id=\"f3b368c\" data-element_type=\"column\">\n\t\t\t<div class=\"elementor-column-wrap elementor-element-populated\">\n\t\t\t\t\t\t\t<div class=\"elementor-widget-wrap\">\n\t\t\t\t\t\t<div class=\"elementor-element elementor-element-1be3a9c elementor-widget elementor-widget-thhf-post-image\" data-id=\"1be3a9c\" data-element_type=\"widget\" data-widget_type=\"thhf-post-image.default\">\n\t\t\t\t<div class=\"elementor-widget-container\">\n\t\t\t        <div class=\"hfe-post-image hfe-post-image-wrapper\">\n            <figure class=\"wp-caption\">\n                            <a href=\"https:\/\/www.aquazonecarlabayle.fr\/\">\n                \n                    <img loading=\"lazy\" decoding=\"async\" width=\"1200\" height=\"738\" src=\"https:\/\/legitedicietdailleurs.com\/wp-content\/uploads\/2023\/08\/aquazone-lac-carla-bayle-ariege-pyrenees-e1691477800135.jpg\" class=\"attachment-1536x1536 size-1536x1536 wp-image-1500\" alt=\"\" srcset=\"https:\/\/legitedicietdailleurs.com\/wp-content\/uploads\/2023\/08\/aquazone-lac-carla-bayle-ariege-pyrenees-e1691477800135.jpg 1200w, https:\/\/legitedicietdailleurs.com\/wp-content\/uploads\/2023\/08\/aquazone-lac-carla-bayle-ariege-pyrenees-e1691477800135-300x185.jpg 300w, https:\/\/legitedicietdailleurs.com\/wp-content\/uploads\/2023\/08\/aquazone-lac-carla-bayle-ariege-pyrenees-e1691477800135-1024x630.jpg 1024w, https:\/\/legitedicietdailleurs.com\/wp-content\/uploads\/2023\/08\/aquazone-lac-carla-bayle-ariege-pyrenees-e1691477800135-768x472.jpg 768w, https:\/\/legitedicietdailleurs.com\/wp-content\/uploads\/2023\/08\/aquazone-lac-carla-bayle-ariege-pyrenees-e1691477800135-130x80.jpg 130w, https:\/\/legitedicietdailleurs.com\/wp-content\/uploads\/2023\/08\/aquazone-lac-carla-bayle-ariege-pyrenees-e1691477800135-394x242.jpg 394w, https:\/\/legitedicietdailleurs.com\/wp-content\/uploads\/2023\/08\/aquazone-lac-carla-bayle-ariege-pyrenees-e1691477800135-915x563.jpg 915w, https:\/\/legitedicietdailleurs.com\/wp-content\/uploads\/2023\/08\/aquazone-lac-carla-bayle-ariege-pyrenees-e1691477800135-68x42.jpg 68w\" sizes=\"auto, (max-width: 1200px) 100vw, 1200px\" \/>                    <\/a>                    <figcaption class=\"widget-image-caption wp-caption-text\">Aquazone<\/figcaption>            <\/figure>\n        <\/div>\n        \t\t<\/div>\n\t\t\t\t<\/div>\n\t\t\t\t\t\t<\/div>\n\t\t\t\t\t<\/div>\n\t\t<\/div>\n\t\t\t\t<div class=\"elementor-column elementor-col-25 elementor-inner-column elementor-element elementor-element-2fb46d8\" data-id=\"2fb46d8\" data-element_type=\"column\">\n\t\t\t<div class=\"elementor-column-wrap elementor-element-populated\">\n\t\t\t\t\t\t\t<div class=\"elementor-widget-wrap\">\n\t\t\t\t\t\t<div class=\"elementor-element elementor-element-199b905 elementor-widget elementor-widget-thhf-post-image\" data-id=\"199b905\" data-element_type=\"widget\" data-widget_type=\"thhf-post-image.default\">\n\t\t\t\t<div class=\"elementor-widget-container\">\n\t\t\t        <div class=\"hfe-post-image hfe-post-image-wrapper\">\n            <figure class=\"wp-caption\">\n                            <a href=\"https:\/\/www.sites-touristiques-ariege.fr\/mountaneo\/\">\n                \n                    <img loading=\"lazy\" decoding=\"async\" width=\"1024\" height=\"576\" src=\"https:\/\/legitedicietdailleurs.com\/wp-content\/uploads\/2023\/08\/Paysage-Orlu-min-1600x900-1-1024x576.jpg\" class=\"attachment-large size-large wp-image-1501\" alt=\"\" srcset=\"https:\/\/legitedicietdailleurs.com\/wp-content\/uploads\/2023\/08\/Paysage-Orlu-min-1600x900-1-1024x576.jpg 1024w, https:\/\/legitedicietdailleurs.com\/wp-content\/uploads\/2023\/08\/Paysage-Orlu-min-1600x900-1-300x169.jpg 300w, https:\/\/legitedicietdailleurs.com\/wp-content\/uploads\/2023\/08\/Paysage-Orlu-min-1600x900-1-768x432.jpg 768w, https:\/\/legitedicietdailleurs.com\/wp-content\/uploads\/2023\/08\/Paysage-Orlu-min-1600x900-1-1536x864.jpg 1536w, https:\/\/legitedicietdailleurs.com\/wp-content\/uploads\/2023\/08\/Paysage-Orlu-min-1600x900-1-142x80.jpg 142w, https:\/\/legitedicietdailleurs.com\/wp-content\/uploads\/2023\/08\/Paysage-Orlu-min-1600x900-1-394x222.jpg 394w, https:\/\/legitedicietdailleurs.com\/wp-content\/uploads\/2023\/08\/Paysage-Orlu-min-1600x900-1-915x515.jpg 915w, https:\/\/legitedicietdailleurs.com\/wp-content\/uploads\/2023\/08\/Paysage-Orlu-min-1600x900-1-1240x698.jpg 1240w, https:\/\/legitedicietdailleurs.com\/wp-content\/uploads\/2023\/08\/Paysage-Orlu-min-1600x900-1-75x42.jpg 75w, https:\/\/legitedicietdailleurs.com\/wp-content\/uploads\/2023\/08\/Paysage-Orlu-min-1600x900-1.jpg 1600w\" sizes=\"auto, (max-width: 1024px) 100vw, 1024px\" \/>                    <\/a>                    <figcaption class=\"widget-image-caption wp-caption-text\">Mountaneo Orlu<\/figcaption>            <\/figure>\n        <\/div>\n        \t\t<\/div>\n\t\t\t\t<\/div>\n\t\t\t\t\t\t<\/div>\n\t\t\t\t\t<\/div>\n\t\t<\/div>\n\t\t\t\t<div class=\"elementor-column elementor-col-25 elementor-inner-column elementor-element elementor-element-c6f56b1\" data-id=\"c6f56b1\" data-element_type=\"column\">\n\t\t\t<div class=\"elementor-column-wrap elementor-element-populated\">\n\t\t\t\t\t\t\t<div class=\"elementor-widget-wrap\">\n\t\t\t\t\t\t<div class=\"elementor-element elementor-element-228718f elementor-widget elementor-widget-thhf-post-image\" data-id=\"228718f\" data-element_type=\"widget\" data-widget_type=\"thhf-post-image.default\">\n\t\t\t\t<div class=\"elementor-widget-container\">\n\t\t\t        <div class=\"hfe-post-image hfe-post-image-wrapper\">\n            <figure class=\"wp-caption\">\n                            <a href=\"http:\/\/www.maisondesloups.com\/\">\n                \n                    <img loading=\"lazy\" decoding=\"async\" width=\"1024\" height=\"683\" src=\"https:\/\/legitedicietdailleurs.com\/wp-content\/uploads\/2023\/08\/3t4a5045-3-6637b.jpg\" class=\"attachment-1536x1536 size-1536x1536 wp-image-1503\" alt=\"\" srcset=\"https:\/\/legitedicietdailleurs.com\/wp-content\/uploads\/2023\/08\/3t4a5045-3-6637b.jpg 1024w, https:\/\/legitedicietdailleurs.com\/wp-content\/uploads\/2023\/08\/3t4a5045-3-6637b-300x200.jpg 300w, https:\/\/legitedicietdailleurs.com\/wp-content\/uploads\/2023\/08\/3t4a5045-3-6637b-768x512.jpg 768w, https:\/\/legitedicietdailleurs.com\/wp-content\/uploads\/2023\/08\/3t4a5045-3-6637b-120x80.jpg 120w, https:\/\/legitedicietdailleurs.com\/wp-content\/uploads\/2023\/08\/3t4a5045-3-6637b-394x263.jpg 394w, https:\/\/legitedicietdailleurs.com\/wp-content\/uploads\/2023\/08\/3t4a5045-3-6637b-915x610.jpg 915w, https:\/\/legitedicietdailleurs.com\/wp-content\/uploads\/2023\/08\/3t4a5045-3-6637b-63x42.jpg 63w\" sizes=\"auto, (max-width: 1024px) 100vw, 1024px\" \/>                    <\/a>                    <figcaption class=\"widget-image-caption wp-caption-text\">La maison de loup<\/figcaption>            <\/figure>\n        <\/div>\n        \t\t<\/div>\n\t\t\t\t<\/div>\n\t\t\t\t\t\t<\/div>\n\t\t\t\t\t<\/div>\n\t\t<\/div>\n\t\t\t\t<div class=\"elementor-column elementor-col-25 elementor-inner-column elementor-element elementor-element-d0679e4\" data-id=\"d0679e4\" data-element_type=\"column\">\n\t\t\t<div class=\"elementor-column-wrap elementor-element-populated\">\n\t\t\t\t\t\t\t<div class=\"elementor-widget-wrap\">\n\t\t\t\t\t\t<div class=\"elementor-element elementor-element-9b4fa9e elementor-widget elementor-widget-thhf-post-image\" data-id=\"9b4fa9e\" data-element_type=\"widget\" data-widget_type=\"thhf-post-image.default\">\n\t\t\t\t<div class=\"elementor-widget-container\">\n\t\t\t        <div class=\"hfe-post-image hfe-post-image-wrapper\">\n            <figure class=\"wp-caption\">\n                            <a href=\"https:\/\/www.facebook.com\/latribudemagda\/?locale=fr_FR\">\n                \n                    <img loading=\"lazy\" decoding=\"async\" width=\"885\" height=\"500\" src=\"https:\/\/legitedicietdailleurs.com\/wp-content\/uploads\/2023\/08\/image-1.jpg\" class=\"attachment-large size-large wp-image-1502\" alt=\"\" srcset=\"https:\/\/legitedicietdailleurs.com\/wp-content\/uploads\/2023\/08\/image-1.jpg 885w, https:\/\/legitedicietdailleurs.com\/wp-content\/uploads\/2023\/08\/image-1-300x169.jpg 300w, https:\/\/legitedicietdailleurs.com\/wp-content\/uploads\/2023\/08\/image-1-768x434.jpg 768w, https:\/\/legitedicietdailleurs.com\/wp-content\/uploads\/2023\/08\/image-1-142x80.jpg 142w, https:\/\/legitedicietdailleurs.com\/wp-content\/uploads\/2023\/08\/image-1-394x223.jpg 394w, https:\/\/legitedicietdailleurs.com\/wp-content\/uploads\/2023\/08\/image-1-74x42.jpg 74w\" sizes=\"auto, (max-width: 885px) 100vw, 885px\" \/>                    <\/a>                    <figcaption class=\"widget-image-caption wp-caption-text\">Spectacle : la tribu de Magda <\/figcaption>            <\/figure>\n        <\/div>\n        \t\t<\/div>\n\t\t\t\t<\/div>\n\t\t\t\t\t\t<\/div>\n\t\t\t\t\t<\/div>\n\t\t<\/div>\n\t\t\t\t\t\t\t\t<\/div>\n\t\t\t\t\t<\/div>\n\t\t<\/section>\n\t\t\t\t\t\t<\/div>\n\t\t\t\t\t<\/div>\n\t\t<\/div>\n\t\t\t\t\t\t\t\t<\/div>\n\t\t\t\t\t<\/div>\n\t\t<\/section>\n\t\t\t\t<section class=\"elementor-section elementor-top-section elementor-element elementor-element-2c56a71 elementor-section-full_width elementor-section-height-min-height elementor-section-height-default elementor-section-items-middle\" data-id=\"2c56a71\" data-element_type=\"section\" data-settings=\"{&quot;background_background&quot;:&quot;classic&quot;}\">\n\t\t\t\t\t\t\t<div class=\"elementor-background-overlay\"><\/div>\n\t\t\t\t\t\t\t<div class=\"elementor-container elementor-column-gap-default\">\n\t\t\t\t\t\t\t<div class=\"elementor-row\">\n\t\t\t\t\t<div class=\"elementor-column elementor-col-100 elementor-top-column elementor-element elementor-element-f02890f\" data-id=\"f02890f\" data-element_type=\"column\">\n\t\t\t<div class=\"elementor-column-wrap elementor-element-populated\">\n\t\t\t\t\t\t\t<div class=\"elementor-widget-wrap\">\n\t\t\t\t\t\t<div class=\"elementor-element elementor-element-b0d0acd elementor-widget__width-initial elementor-widget elementor-widget-heading\" data-id=\"b0d0acd\" data-element_type=\"widget\" data-widget_type=\"heading.default\">\n\t\t\t\t<div class=\"elementor-widget-container\">\n\t\t\t<h2 class=\"elementor-heading-title elementor-size-default\">Poblaci\u00f3n local<\/h2>\t\t<\/div>\n\t\t\t\t<\/div>\n\t\t\t\t<div class=\"elementor-element elementor-element-de38553 elementor-widget__width-initial elementor-widget elementor-widget-text-editor\" data-id=\"de38553\" data-element_type=\"widget\" data-widget_type=\"text-editor.default\">\n\t\t\t\t<div class=\"elementor-widget-container\">\n\t\t\t\t\t\t\t\t<div class=\"elementor-text-editor elementor-clearfix\">\n\t\t\t\t<p>Descubrir una regi\u00f3n tambi\u00e9n significa conocer a sus habitantes, artesanos, productores, etc.<\/p>\n\t\t\t\t\t<\/div>\n\t\t\t\t\t\t<\/div>\n\t\t\t\t<\/div>\n\t\t\t\t\t\t<\/div>\n\t\t\t\t\t<\/div>\n\t\t<\/div>\n\t\t\t\t\t\t\t\t<\/div>\n\t\t\t\t\t<\/div>\n\t\t<\/section>\n\t\t\t\t<section class=\"elementor-section elementor-top-section elementor-element elementor-element-5c14176 elementor-section-boxed elementor-section-height-default elementor-section-height-default\" data-id=\"5c14176\" data-element_type=\"section\">\n\t\t\t\t\t\t<div class=\"elementor-container elementor-column-gap-default\">\n\t\t\t\t\t\t\t<div class=\"elementor-row\">\n\t\t\t\t\t<div class=\"elementor-column elementor-col-100 elementor-top-column elementor-element elementor-element-fe8ae13\" data-id=\"fe8ae13\" data-element_type=\"column\">\n\t\t\t<div class=\"elementor-column-wrap elementor-element-populated\">\n\t\t\t\t\t\t\t<div class=\"elementor-widget-wrap\">\n\t\t\t\t\t\t<section class=\"elementor-section elementor-inner-section elementor-element elementor-element-598859f elementor-section-boxed elementor-section-height-default elementor-section-height-default\" data-id=\"598859f\" data-element_type=\"section\">\n\t\t\t\t\t\t<div class=\"elementor-container elementor-column-gap-default\">\n\t\t\t\t\t\t\t<div class=\"elementor-row\">\n\t\t\t\t\t<div class=\"elementor-column elementor-col-50 elementor-inner-column elementor-element elementor-element-f85052b\" data-id=\"f85052b\" data-element_type=\"column\">\n\t\t\t<div class=\"elementor-column-wrap elementor-element-populated\">\n\t\t\t\t\t\t\t<div class=\"elementor-widget-wrap\">\n\t\t\t\t\t\t<div class=\"elementor-element elementor-element-8041ab0 elementor-widget elementor-widget-thhf-post-image\" data-id=\"8041ab0\" data-element_type=\"widget\" data-widget_type=\"thhf-post-image.default\">\n\t\t\t\t<div class=\"elementor-widget-container\">\n\t\t\t        <div class=\"hfe-post-image hfe-post-image-wrapper\">\n            <figure class=\"wp-caption\">\n                            <a href=\"https:\/\/www.facebook.com\/lepiceriedici09\/\">\n                \n                    <img loading=\"lazy\" decoding=\"async\" width=\"960\" height=\"640\" src=\"https:\/\/legitedicietdailleurs.com\/wp-content\/uploads\/2023\/07\/IMG_1102-1.jpg\" class=\"attachment-large size-large wp-image-1481\" alt=\"\" srcset=\"https:\/\/legitedicietdailleurs.com\/wp-content\/uploads\/2023\/07\/IMG_1102-1.jpg 960w, https:\/\/legitedicietdailleurs.com\/wp-content\/uploads\/2023\/07\/IMG_1102-1-300x200.jpg 300w, https:\/\/legitedicietdailleurs.com\/wp-content\/uploads\/2023\/07\/IMG_1102-1-768x512.jpg 768w, https:\/\/legitedicietdailleurs.com\/wp-content\/uploads\/2023\/07\/IMG_1102-1-120x80.jpg 120w, https:\/\/legitedicietdailleurs.com\/wp-content\/uploads\/2023\/07\/IMG_1102-1-394x263.jpg 394w, https:\/\/legitedicietdailleurs.com\/wp-content\/uploads\/2023\/07\/IMG_1102-1-915x610.jpg 915w, https:\/\/legitedicietdailleurs.com\/wp-content\/uploads\/2023\/07\/IMG_1102-1-63x42.jpg 63w\" sizes=\"auto, (max-width: 960px) 100vw, 960px\" \/>                    <\/a>                    <figcaption class=\"widget-image-caption wp-caption-text\">Chrystelle & son Epicerie d\u2019ici<\/figcaption>            <\/figure>\n        <\/div>\n        \t\t<\/div>\n\t\t\t\t<\/div>\n\t\t\t\t\t\t<\/div>\n\t\t\t\t\t<\/div>\n\t\t<\/div>\n\t\t\t\t<div class=\"elementor-column elementor-col-50 elementor-inner-column elementor-element elementor-element-2654312\" data-id=\"2654312\" data-element_type=\"column\">\n\t\t\t<div class=\"elementor-column-wrap\">\n\t\t\t\t\t\t\t<div class=\"elementor-widget-wrap\">\n\t\t\t\t\t\t\t\t<\/div>\n\t\t\t\t\t<\/div>\n\t\t<\/div>\n\t\t\t\t\t\t\t\t<\/div>\n\t\t\t\t\t<\/div>\n\t\t<\/section>\n\t\t\t\t\t\t<\/div>\n\t\t\t\t\t<\/div>\n\t\t<\/div>\n\t\t\t\t\t\t\t\t<\/div>\n\t\t\t\t\t<\/div>\n\t\t<\/section>\n\t\t\t\t\t\t\t\t\t<\/div>\n\t\t\t<\/div>\n\t\t\t\t\t<\/div>\n\t\t","protected":false},"excerpt":{"rendered":"<p>Aqu\u00ed y en otros lugares Bienvenido! Ari\u00e8ge puede satisfacer todas sus expectativas La casa rural est\u00e1 idealmente situada a s\u00f3lo 7 km de Foix, y cerca de las principales atracciones tur\u00edsticas del departamento. Tanto si busca relax como aventura, Ari\u00e8ge &hellip; <a href=\"https:\/\/legitedicietdailleurs.com\/es\/aqui-y-en-otros-lugares\/\">Read More<\/a><\/p>\n","protected":false},"author":1,"featured_media":0,"parent":0,"menu_order":0,"comment_status":"closed","ping_status":"closed","template":"","meta":{"footnotes":""},"class_list":["post-2052","page","type-page","status-publish","hentry"],"_links":{"self":[{"href":"https:\/\/legitedicietdailleurs.com\/es\/wp-json\/wp\/v2\/pages\/2052","targetHints":{"allow":["GET"]}}],"collection":[{"href":"https:\/\/legitedicietdailleurs.com\/es\/wp-json\/wp\/v2\/pages"}],"about":[{"href":"https:\/\/legitedicietdailleurs.com\/es\/wp-json\/wp\/v2\/types\/page"}],"author":[{"embeddable":true,"href":"https:\/\/legitedicietdailleurs.com\/es\/wp-json\/wp\/v2\/users\/1"}],"replies":[{"embeddable":true,"href":"https:\/\/legitedicietdailleurs.com\/es\/wp-json\/wp\/v2\/comments?post=2052"}],"version-history":[{"count":1,"href":"https:\/\/legitedicietdailleurs.com\/es\/wp-json\/wp\/v2\/pages\/2052\/revisions"}],"predecessor-version":[{"id":2053,"href":"https:\/\/legitedicietdailleurs.com\/es\/wp-json\/wp\/v2\/pages\/2052\/revisions\/2053"}],"wp:attachment":[{"href":"https:\/\/legitedicietdailleurs.com\/es\/wp-json\/wp\/v2\/media?parent=2052"}],"curies":[{"name":"wp","href":"https:\/\/api.w.org\/{rel}","templated":true}]}}